{"id":174717,"date":"2026-01-12T10:46:09","date_gmt":"2026-01-12T09:46:09","guid":{"rendered":"https:\/\/we-net.ch\/?page_id=174717"},"modified":"2026-03-12T10:58:16","modified_gmt":"2026-03-12T09:58:16","slug":"consulente","status":"publish","type":"page","link":"https:\/\/staging.we-net.ch\/it\/consulente\/","title":{"rendered":"Consulente"},"content":{"rendered":"<div data-elementor-type=\"wp-page\" data-elementor-id=\"174717\" class=\"elementor elementor-174717\" data-elementor-post-type=\"page\">\n\t\t\t\t<div class=\"elementor-element elementor-element-7e9b5fe e-flex e-con-boxed e-con e-parent\" data-id=\"7e9b5fe\" data-element_type=\"container\" data-e-type=\"container\" data-settings=\"{&quot;background_background&quot;:&quot;classic&quot;}\">\n\t\t\t\t\t<div class=\"e-con-inner\">\n\t\t<div class=\"elementor-element elementor-element-6fc1163 e-con-full e-flex e-con e-child\" data-id=\"6fc1163\" data-element_type=\"container\" data-e-type=\"container\" data-settings=\"{&quot;background_background&quot;:&quot;classic&quot;}\">\n\t\t<div class=\"elementor-element elementor-element-cb7a4db e-con-full e-flex e-con e-child\" data-id=\"cb7a4db\" data-element_type=\"container\" data-e-type=\"container\">\n\t\t\t\t<div class=\"elementor-element elementor-element-070dd54 elementor-widget elementor-widget-heading\" data-id=\"070dd54\" data-element_type=\"widget\" data-e-type=\"widget\" data-widget_type=\"heading.default\">\n\t\t\t\t<div class=\"elementor-widget-container\">\n\t\t\t\t\t<h1 class=\"elementor-heading-title elementor-size-default\">Ultime notizie dal settore immobiliare<\/h1>\t\t\t\t<\/div>\n\t\t\t\t<\/div>\n\t\t\t\t<\/div>\n\t\t\t\t<\/div>\n\t\t\t\t\t<\/div>\n\t\t\t\t<\/div>\n\t\t<div class=\"elementor-element elementor-element-35cd5ee e-flex e-con-boxed e-con e-parent\" data-id=\"35cd5ee\" data-element_type=\"container\" data-e-type=\"container\">\n\t\t\t\t\t<div class=\"e-con-inner\">\n\t\t\t\t<div class=\"elementor-element elementor-element-91d9aca elementor-widget elementor-widget-heading\" data-id=\"91d9aca\" data-element_type=\"widget\" data-e-type=\"widget\" data-widget_type=\"heading.default\">\n\t\t\t\t<div class=\"elementor-widget-container\">\n\t\t\t\t\t<p class=\"elementor-heading-title elementor-size-default\">In questa rivista online di WENET AG troverete le nostre notizie dal settore immobiliare su argomenti specifici o generali - per la nostra comunit\u00e0 di lettori e fedeli lettori. Se abbiamo tralasciato qualcosa o non abbiamo approfondito a sufficienza un argomento, saremo lieti di ricevere le vostre segnalazioni. Godetevi la lettura e noi saremo lieti di ascoltarvi. Godetevi i nostri articoli, le nostre idee e i nostri suggerimenti a casa, di persona o in viaggio e approfittate delle conoscenze che abbiamo raccolto, confezionate dal vostro partner immobiliare WENET AG.\n<\/p>\t\t\t\t<\/div>\n\t\t\t\t<\/div>\n\t\t\t\t\t<\/div>\n\t\t\t\t<\/div>\n\t\t<div class=\"elementor-element elementor-element-786fe6f e-flex e-con-boxed e-con e-parent\" data-id=\"786fe6f\" data-element_type=\"container\" data-e-type=\"container\">\n\t\t\t\t\t<div class=\"e-con-inner\">\n\t\t\t\t<div class=\"elementor-element elementor-element-2363000 elementor-posts--align-left elementor-grid-3 elementor-grid-tablet-2 elementor-grid-mobile-1 elementor-posts--thumbnail-top elementor-posts--show-avatar elementor-card-shadow-yes elementor-posts__hover-gradient elementor-widget elementor-widget-posts\" data-id=\"2363000\" data-element_type=\"widget\" data-e-type=\"widget\" data-settings=\"{&quot;pagination_type&quot;:&quot;numbers_and_prev_next&quot;,&quot;cards_columns&quot;:&quot;3&quot;,&quot;cards_columns_tablet&quot;:&quot;2&quot;,&quot;cards_columns_mobile&quot;:&quot;1&quot;,&quot;cards_row_gap&quot;:{&quot;unit&quot;:&quot;px&quot;,&quot;size&quot;:35,&quot;sizes&quot;:[]},&quot;cards_row_gap_laptop&quot;:{&quot;unit&quot;:&quot;px&quot;,&quot;size&quot;:&quot;&quot;,&quot;sizes&quot;:[]},&quot;cards_row_gap_tablet_extra&quot;:{&quot;unit&quot;:&quot;px&quot;,&quot;size&quot;:&quot;&quot;,&quot;sizes&quot;:[]},&quot;cards_row_gap_tablet&quot;:{&quot;unit&quot;:&quot;px&quot;,&quot;size&quot;:&quot;&quot;,&quot;sizes&quot;:[]},&quot;cards_row_gap_mobile_extra&quot;:{&quot;unit&quot;:&quot;px&quot;,&quot;size&quot;:&quot;&quot;,&quot;sizes&quot;:[]},&quot;cards_row_gap_mobile&quot;:{&quot;unit&quot;:&quot;px&quot;,&quot;size&quot;:&quot;&quot;,&quot;sizes&quot;:[]}}\" data-widget_type=\"posts.cards\">\n\t\t\t\t<div class=\"elementor-widget-container\">\n\t\t\t\t\t\t\t<div class=\"elementor-posts-container elementor-posts elementor-posts--skin-cards elementor-grid\" role=\"list\">\n\t\t\t\t<article class=\"elementor-post elementor-grid-item post-182076 post type-post status-publish format-standard has-post-thumbnail hentry category-ratgeber tag-immobilien-schweiz tag-immobilienetwicklung tag-immobilienprojekte\" role=\"listitem\">\n\t\t\t<div class=\"elementor-post__card\">\n\t\t\t\t<a class=\"elementor-post__thumbnail__link\" href=\"https:\/\/staging.we-net.ch\/it\/hypothekarzinsen-und-immobilienfinanzierung-im-kanton-zug-zahlen-trends-praxis\u2011tipps\/\" tabindex=\"-1\" target=\"_blank\"><div class=\"elementor-post__thumbnail\"><img fetchpriority=\"high\" decoding=\"async\" width=\"768\" height=\"403\" src=\"https:\/\/staging.we-net.ch\/wp-content\/uploads\/2026\/03\/13Mar-2-768x403.jpg\" class=\"attachment-medium_large size-medium_large wp-image-182247\" alt=\"\" srcset=\"https:\/\/staging.we-net.ch\/wp-content\/uploads\/2026\/03\/13Mar-2-768x403.jpg 768w, https:\/\/staging.we-net.ch\/wp-content\/uploads\/2026\/03\/13Mar-2-300x158.jpg 300w, https:\/\/staging.we-net.ch\/wp-content\/uploads\/2026\/03\/13Mar-2-1024x538.jpg 1024w, https:\/\/staging.we-net.ch\/wp-content\/uploads\/2026\/03\/13Mar-2-18x9.jpg 18w, https:\/\/staging.we-net.ch\/wp-content\/uploads\/2026\/03\/13Mar-2.jpg 1200w\" sizes=\"(max-width: 768px) 100vw, 768px\" title=\"\" \/><\/div><\/a>\n\t\t\t\t<div class=\"elementor-post__badge\">Consulente<\/div>\n\t\t\t\t<div class=\"elementor-post__avatar\">\n\t\t\t\t\t<\/div>\n\t\t\t\t<div class=\"elementor-post__text\">\n\t\t\t\t<h3 class=\"elementor-post__title\">\n\t\t\t<a href=\"https:\/\/staging.we-net.ch\/it\/hypothekarzinsen-und-immobilienfinanzierung-im-kanton-zug-zahlen-trends-praxis\u2011tipps\/\" target=\"&quot;_blank&quot;\">\n\t\t\t\tTassi di interesse ipotecari e finanziamento immobiliare nel Cantone di Zugo - cifre, tendenze e consigli pratici\t\t\t<\/a>\n\t\t<\/h3>\n\t\t\t\t<div class=\"elementor-post__excerpt\">\n\t\t\t<p>Der Immobilienmarkt im Kanton Zug geh\u00f6rt zu den teuersten und dynamischsten in der Schweiz. Zug\t\t<\/div>\n\t\t\t\t\t<div class=\"elementor-post__read-more-wrapper\">\n\t\t\n\t\t<a class=\"elementor-post__read-more\" href=\"https:\/\/staging.we-net.ch\/it\/hypothekarzinsen-und-immobilienfinanzierung-im-kanton-zug-zahlen-trends-praxis\u2011tipps\/\" aria-label=\"Leggi tutto Tassi di interesse ipotecari e finanziamenti immobiliari nel Cantone di Zugo - cifre, tendenze e consigli pratici\" tabindex=\"-1\" target=\"_blank\">\n\t\t\tPer saperne di pi\u00f9 \"\t\t<\/a>\n\n\t\t\t\t\t<\/div>\n\t\t\t\t<\/div>\n\t\t\t\t<div class=\"elementor-post__meta-data\">\n\t\t\t\t\t<span class=\"elementor-post-date\">\n\t\t\t13 marzo 2026\t\t<\/span>\n\t\t\t\t<\/div>\n\t\t\t\t\t<\/div>\n\t\t<\/article>\n\t\t\t\t<article class=\"elementor-post elementor-grid-item post-182038 post type-post status-publish format-standard has-post-thumbnail hentry category-wohntrends-in-der-schweiz tag-immobilien-schweiz tag-immobilienetwicklung tag-immobilienprojekte\" role=\"listitem\">\n\t\t\t<div class=\"elementor-post__card\">\n\t\t\t\t<a class=\"elementor-post__thumbnail__link\" href=\"https:\/\/staging.we-net.ch\/it\/mercato-svizzero-degli-affitti-2026-tendenze-e-convenienza-economica\/\" tabindex=\"-1\" target=\"_blank\"><div class=\"elementor-post__thumbnail\"><img decoding=\"async\" width=\"768\" height=\"403\" src=\"https:\/\/staging.we-net.ch\/wp-content\/uploads\/2026\/03\/9Mar-1-768x403.jpg\" class=\"attachment-medium_large size-medium_large wp-image-182251\" alt=\"\" srcset=\"https:\/\/staging.we-net.ch\/wp-content\/uploads\/2026\/03\/9Mar-1-768x403.jpg 768w, https:\/\/staging.we-net.ch\/wp-content\/uploads\/2026\/03\/9Mar-1-300x158.jpg 300w, https:\/\/staging.we-net.ch\/wp-content\/uploads\/2026\/03\/9Mar-1-1024x538.jpg 1024w, https:\/\/staging.we-net.ch\/wp-content\/uploads\/2026\/03\/9Mar-1-18x9.jpg 18w, https:\/\/staging.we-net.ch\/wp-content\/uploads\/2026\/03\/9Mar-1.jpg 1200w\" sizes=\"(max-width: 768px) 100vw, 768px\" title=\"\" \/><\/div><\/a>\n\t\t\t\t<div class=\"elementor-post__badge\">Tendenze di vita in Svizzera<\/div>\n\t\t\t\t<div class=\"elementor-post__avatar\">\n\t\t\t\t\t<\/div>\n\t\t\t\t<div class=\"elementor-post__text\">\n\t\t\t\t<h3 class=\"elementor-post__title\">\n\t\t\t<a href=\"https:\/\/staging.we-net.ch\/it\/mercato-svizzero-degli-affitti-2026-tendenze-e-convenienza-economica\/\" target=\"&quot;_blank&quot;\">\n\t\t\t\tMercato svizzero degli affitti 2026: Colli di bottiglia, tendenze e convenienza\t\t\t<\/a>\n\t\t<\/h3>\n\t\t\t\t<div class=\"elementor-post__excerpt\">\n\t\t\t<p>Il mercato svizzero degli affitti dovr\u00e0 affrontare notevoli sfide nel 2026. Mentre i prezzi degli immobili sono aumentati negli ultimi anni\t\t<\/div>\n\t\t\t\t\t<div class=\"elementor-post__read-more-wrapper\">\n\t\t\n\t\t<a class=\"elementor-post__read-more\" href=\"https:\/\/staging.we-net.ch\/it\/mercato-svizzero-degli-affitti-2026-tendenze-e-convenienza-economica\/\" aria-label=\"Leggi tutto Schweizer Mietmarkt 2026: Engp\u00e4sse, Trends und Bezahlbarkeit\" tabindex=\"-1\" target=\"_blank\">\n\t\t\tPer saperne di pi\u00f9 \"\t\t<\/a>\n\n\t\t\t\t\t<\/div>\n\t\t\t\t<\/div>\n\t\t\t\t<div class=\"elementor-post__meta-data\">\n\t\t\t\t\t<span class=\"elementor-post-date\">\n\t\t\t9 marzo 2026\t\t<\/span>\n\t\t\t\t<\/div>\n\t\t\t\t\t<\/div>\n\t\t<\/article>\n\t\t\t\t<article class=\"elementor-post elementor-grid-item post-181157 post type-post status-publish format-standard has-post-thumbnail hentry category-ratgeber tag-immobilien-schweiz tag-immobilienetwicklung tag-immobilienprojekte\" role=\"listitem\">\n\t\t\t<div class=\"elementor-post__card\">\n\t\t\t\t<a class=\"elementor-post__thumbnail__link\" href=\"https:\/\/staging.we-net.ch\/it\/limposta-sugli-utili-immobiliari-nel-cantone-di-zugo-una-guida-completa\/\" tabindex=\"-1\" target=\"_blank\"><div class=\"elementor-post__thumbnail\"><img decoding=\"async\" width=\"768\" height=\"401\" src=\"https:\/\/staging.we-net.ch\/wp-content\/uploads\/2026\/03\/6Mar-768x401.jpg\" class=\"attachment-medium_large size-medium_large wp-image-181162\" alt=\"\" srcset=\"https:\/\/staging.we-net.ch\/wp-content\/uploads\/2026\/03\/6Mar-768x401.jpg 768w, https:\/\/staging.we-net.ch\/wp-content\/uploads\/2026\/03\/6Mar-300x157.jpg 300w, https:\/\/staging.we-net.ch\/wp-content\/uploads\/2026\/03\/6Mar-1024x535.jpg 1024w, https:\/\/staging.we-net.ch\/wp-content\/uploads\/2026\/03\/6Mar-18x9.jpg 18w, https:\/\/staging.we-net.ch\/wp-content\/uploads\/2026\/03\/6Mar.jpg 1214w\" sizes=\"(max-width: 768px) 100vw, 768px\" title=\"\" \/><\/div><\/a>\n\t\t\t\t<div class=\"elementor-post__badge\">Consulente<\/div>\n\t\t\t\t<div class=\"elementor-post__avatar\">\n\t\t\t\t\t<\/div>\n\t\t\t\t<div class=\"elementor-post__text\">\n\t\t\t\t<h3 class=\"elementor-post__title\">\n\t\t\t<a href=\"https:\/\/staging.we-net.ch\/it\/limposta-sugli-utili-immobiliari-nel-cantone-di-zugo-una-guida-completa\/\" target=\"&quot;_blank&quot;\">\n\t\t\t\tL'imposta sugli utili immobiliari nel Cantone di Zugo - Una guida completa\t\t\t<\/a>\n\t\t<\/h3>\n\t\t\t\t<div class=\"elementor-post__excerpt\">\n\t\t\t<p>L'imposta sugli utili immobiliari (nota anche come imposta sugli utili immobiliari) \u00e8 un'imposta cantonale applicata alla vendita di immobili.\t\t<\/div>\n\t\t\t\t\t<div class=\"elementor-post__read-more-wrapper\">\n\t\t\n\t\t<a class=\"elementor-post__read-more\" href=\"https:\/\/staging.we-net.ch\/it\/limposta-sugli-utili-immobiliari-nel-cantone-di-zugo-una-guida-completa\/\" aria-label=\"Leggi tutto Imposta sugli utili immobiliari nel Cantone di Zugo - Una guida completa\" tabindex=\"-1\" target=\"_blank\">\n\t\t\tPer saperne di pi\u00f9 \"\t\t<\/a>\n\n\t\t\t\t\t<\/div>\n\t\t\t\t<\/div>\n\t\t\t\t<div class=\"elementor-post__meta-data\">\n\t\t\t\t\t<span class=\"elementor-post-date\">\n\t\t\t6 marzo 2026\t\t<\/span>\n\t\t\t\t<\/div>\n\t\t\t\t\t<\/div>\n\t\t<\/article>\n\t\t\t\t<article class=\"elementor-post elementor-grid-item post-181130 post type-post status-publish format-standard has-post-thumbnail hentry category-immobilienmarkt-schweiz category-wohntrends-in-der-schweiz tag-immobilien-schweiz tag-immobilienetwicklung tag-immobilienprojekte\" role=\"listitem\">\n\t\t\t<div class=\"elementor-post__card\">\n\t\t\t\t<a class=\"elementor-post__thumbnail__link\" href=\"https:\/\/staging.we-net.ch\/it\/i-cambiamenti-demografici-e-il-mercato-immobiliare-svizzero-perche-le-abitazioni-adatte-alleta-diventano-sempre-piu-importanti\/\" tabindex=\"-1\" target=\"_blank\"><div class=\"elementor-post__thumbnail\"><img loading=\"lazy\" decoding=\"async\" width=\"768\" height=\"401\" src=\"https:\/\/staging.we-net.ch\/wp-content\/uploads\/2026\/03\/2Mar-2-768x401.jpg\" class=\"attachment-medium_large size-medium_large wp-image-181265\" alt=\"\" srcset=\"https:\/\/staging.we-net.ch\/wp-content\/uploads\/2026\/03\/2Mar-2-768x401.jpg 768w, https:\/\/staging.we-net.ch\/wp-content\/uploads\/2026\/03\/2Mar-2-300x157.jpg 300w, https:\/\/staging.we-net.ch\/wp-content\/uploads\/2026\/03\/2Mar-2-1024x535.jpg 1024w, https:\/\/staging.we-net.ch\/wp-content\/uploads\/2026\/03\/2Mar-2-18x9.jpg 18w, https:\/\/staging.we-net.ch\/wp-content\/uploads\/2026\/03\/2Mar-2.jpg 1215w\" sizes=\"(max-width: 768px) 100vw, 768px\" title=\"\" \/><\/div><\/a>\n\t\t\t\t<div class=\"elementor-post__badge\">Mercato immobiliare Svizzera<\/div>\n\t\t\t\t<div class=\"elementor-post__avatar\">\n\t\t\t\t\t<\/div>\n\t\t\t\t<div class=\"elementor-post__text\">\n\t\t\t\t<h3 class=\"elementor-post__title\">\n\t\t\t<a href=\"https:\/\/staging.we-net.ch\/it\/i-cambiamenti-demografici-e-il-mercato-immobiliare-svizzero-perche-le-abitazioni-adatte-alleta-diventano-sempre-piu-importanti\/\" target=\"&quot;_blank&quot;\">\n\t\t\t\tCambiamenti demografici e mercato immobiliare svizzero: perch\u00e9 \u00e8 sempre pi\u00f9 importante abitare in modo adeguato all'et\u00e0\t\t\t<\/a>\n\t\t<\/h3>\n\t\t\t\t<div class=\"elementor-post__excerpt\">\n\t\t\t<p>Il mercato immobiliare svizzero \u00e8 in una fase di cambiamento strutturale. Mentre negli ultimi anni\t\t<\/div>\n\t\t\t\t\t<div class=\"elementor-post__read-more-wrapper\">\n\t\t\n\t\t<a class=\"elementor-post__read-more\" href=\"https:\/\/staging.we-net.ch\/it\/i-cambiamenti-demografici-e-il-mercato-immobiliare-svizzero-perche-le-abitazioni-adatte-alleta-diventano-sempre-piu-importanti\/\" aria-label=\"Leggi tutto L&#039;evoluzione demografica e il mercato immobiliare svizzero: perch\u00e9 l&#039;abitare in base all&#039;et\u00e0 diventa sempre pi\u00f9 importante\" tabindex=\"-1\" target=\"_blank\">\n\t\t\tPer saperne di pi\u00f9 \"\t\t<\/a>\n\n\t\t\t\t\t<\/div>\n\t\t\t\t<\/div>\n\t\t\t\t<div class=\"elementor-post__meta-data\">\n\t\t\t\t\t<span class=\"elementor-post-date\">\n\t\t\t2 marzo 2026\t\t<\/span>\n\t\t\t\t<\/div>\n\t\t\t\t\t<\/div>\n\t\t<\/article>\n\t\t\t\t<article class=\"elementor-post elementor-grid-item post-180457 post type-post status-publish format-standard has-post-thumbnail hentry category-ratgeber category-wohntrends-in-der-schweiz tag-immobilien-schweiz tag-immobilienetwicklung tag-immobilienprojekte\" role=\"listitem\">\n\t\t\t<div class=\"elementor-post__card\">\n\t\t\t\t<a class=\"elementor-post__thumbnail__link\" href=\"https:\/\/staging.we-net.ch\/it\/ki-sostituira-gli-agenti-immobiliari-perche-la-competenza-umana-rimane-indispensabile-in-svizzera\/\" tabindex=\"-1\" target=\"_blank\"><div class=\"elementor-post__thumbnail\"><img loading=\"lazy\" decoding=\"async\" width=\"768\" height=\"403\" src=\"https:\/\/staging.we-net.ch\/wp-content\/uploads\/2026\/02\/27Feb-1-768x403.jpg\" class=\"attachment-medium_large size-medium_large wp-image-180673\" alt=\"\" srcset=\"https:\/\/staging.we-net.ch\/wp-content\/uploads\/2026\/02\/27Feb-1-768x403.jpg 768w, https:\/\/staging.we-net.ch\/wp-content\/uploads\/2026\/02\/27Feb-1-300x158.jpg 300w, https:\/\/staging.we-net.ch\/wp-content\/uploads\/2026\/02\/27Feb-1-1024x538.jpg 1024w, https:\/\/staging.we-net.ch\/wp-content\/uploads\/2026\/02\/27Feb-1-18x9.jpg 18w, https:\/\/staging.we-net.ch\/wp-content\/uploads\/2026\/02\/27Feb-1.jpg 1215w\" sizes=\"(max-width: 768px) 100vw, 768px\" title=\"\" \/><\/div><\/a>\n\t\t\t\t<div class=\"elementor-post__badge\">Consulente<\/div>\n\t\t\t\t<div class=\"elementor-post__avatar\">\n\t\t\t\t\t<\/div>\n\t\t\t\t<div class=\"elementor-post__text\">\n\t\t\t\t<h3 class=\"elementor-post__title\">\n\t\t\t<a href=\"https:\/\/staging.we-net.ch\/it\/ki-sostituira-gli-agenti-immobiliari-perche-la-competenza-umana-rimane-indispensabile-in-svizzera\/\" target=\"&quot;_blank&quot;\">\n\t\t\t\tL'intelligenza artificiale sostituir\u00e0 gli agenti immobiliari? Perch\u00e9 la competenza umana resta indispensabile in Svizzera\t\t\t<\/a>\n\t\t<\/h3>\n\t\t\t\t<div class=\"elementor-post__excerpt\">\n\t\t\t<p>La digitalizzazione e il rapido progresso dell'intelligenza artificiale (AI) stanno cambiando i settori industriali in tutto il mondo, tra cui\t\t<\/div>\n\t\t\t\t\t<div class=\"elementor-post__read-more-wrapper\">\n\t\t\n\t\t<a class=\"elementor-post__read-more\" href=\"https:\/\/staging.we-net.ch\/it\/ki-sostituira-gli-agenti-immobiliari-perche-la-competenza-umana-rimane-indispensabile-in-svizzera\/\" aria-label=\"Leggi tutto L&#039;AI sostituir\u00e0 gli agenti immobiliari? Perch\u00e9 l&#039;esperienza umana resta indispensabile in Svizzera\" tabindex=\"-1\" target=\"_blank\">\n\t\t\tPer saperne di pi\u00f9 \"\t\t<\/a>\n\n\t\t\t\t\t<\/div>\n\t\t\t\t<\/div>\n\t\t\t\t<div class=\"elementor-post__meta-data\">\n\t\t\t\t\t<span class=\"elementor-post-date\">\n\t\t\t27 febbraio 2026\t\t<\/span>\n\t\t\t\t<\/div>\n\t\t\t\t\t<\/div>\n\t\t<\/article>\n\t\t\t\t<article class=\"elementor-post elementor-grid-item post-180442 post type-post status-publish format-standard has-post-thumbnail hentry category-ratgeber category-wohntrends-in-der-schweiz tag-immobilien-schweiz tag-immobilienetwicklung tag-immobilienprojekte\" role=\"listitem\">\n\t\t\t<div class=\"elementor-post__card\">\n\t\t\t\t<a class=\"elementor-post__thumbnail__link\" href=\"https:\/\/staging.we-net.ch\/it\/il-grande-trasferimento-di-ricchezza-come-il-denaro-sta-cambiando-il-mercato-immobiliare-svizzero\/\" tabindex=\"-1\" target=\"_blank\"><div class=\"elementor-post__thumbnail\"><img loading=\"lazy\" decoding=\"async\" width=\"768\" height=\"403\" src=\"https:\/\/staging.we-net.ch\/wp-content\/uploads\/2026\/02\/23Feb-1-768x403.jpg\" class=\"attachment-medium_large size-medium_large wp-image-180678\" alt=\"\" srcset=\"https:\/\/staging.we-net.ch\/wp-content\/uploads\/2026\/02\/23Feb-1-768x403.jpg 768w, https:\/\/staging.we-net.ch\/wp-content\/uploads\/2026\/02\/23Feb-1-300x157.jpg 300w, https:\/\/staging.we-net.ch\/wp-content\/uploads\/2026\/02\/23Feb-1-1024x537.jpg 1024w, https:\/\/staging.we-net.ch\/wp-content\/uploads\/2026\/02\/23Feb-1-18x9.jpg 18w, https:\/\/staging.we-net.ch\/wp-content\/uploads\/2026\/02\/23Feb-1.jpg 1213w\" sizes=\"(max-width: 768px) 100vw, 768px\" title=\"\" \/><\/div><\/a>\n\t\t\t\t<div class=\"elementor-post__badge\">Consulente<\/div>\n\t\t\t\t<div class=\"elementor-post__avatar\">\n\t\t\t\t\t<\/div>\n\t\t\t\t<div class=\"elementor-post__text\">\n\t\t\t\t<h3 class=\"elementor-post__title\">\n\t\t\t<a href=\"https:\/\/staging.we-net.ch\/it\/il-grande-trasferimento-di-ricchezza-come-il-denaro-sta-cambiando-il-mercato-immobiliare-svizzero\/\" target=\"&quot;_blank&quot;\">\n\t\t\t\tGrande trasferimento di ricchezza: come il denaro sta cambiando il mercato immobiliare svizzero\t\t\t<\/a>\n\t\t<\/h3>\n\t\t\t\t<div class=\"elementor-post__excerpt\">\n\t\t\t<p>Il cosiddetto Grande Trasferimento di Ricchezza, ovvero il massiccio trasferimento di ricchezza da un baby boomer all'altro.\t\t<\/div>\n\t\t\t\t\t<div class=\"elementor-post__read-more-wrapper\">\n\t\t\n\t\t<a class=\"elementor-post__read-more\" href=\"https:\/\/staging.we-net.ch\/it\/il-grande-trasferimento-di-ricchezza-come-il-denaro-sta-cambiando-il-mercato-immobiliare-svizzero\/\" aria-label=\"Leggi tutto Great Wealth Transfer: come il denaro sta cambiando il mercato immobiliare svizzero\" tabindex=\"-1\" target=\"_blank\">\n\t\t\tPer saperne di pi\u00f9 \"\t\t<\/a>\n\n\t\t\t\t\t<\/div>\n\t\t\t\t<\/div>\n\t\t\t\t<div class=\"elementor-post__meta-data\">\n\t\t\t\t\t<span class=\"elementor-post-date\">\n\t\t\t23 febbraio 2026\t\t<\/span>\n\t\t\t\t<\/div>\n\t\t\t\t\t<\/div>\n\t\t<\/article>\n\t\t\t\t<article class=\"elementor-post elementor-grid-item post-180303 post type-post status-publish format-standard has-post-thumbnail hentry category-ratgeber category-wohntrends-in-der-schweiz tag-immobilien-schweiz tag-immobilienetwicklung tag-immobilienprojekte\" role=\"listitem\">\n\t\t\t<div class=\"elementor-post__card\">\n\t\t\t\t<a class=\"elementor-post__thumbnail__link\" href=\"https:\/\/staging.we-net.ch\/it\/green-premium-2026-aumenta-realmente-lefficienza-energetica-e-il-valore-degli-immobili-in-svizzera\/\" tabindex=\"-1\" target=\"_blank\"><div class=\"elementor-post__thumbnail\"><img loading=\"lazy\" decoding=\"async\" width=\"768\" height=\"403\" src=\"https:\/\/staging.we-net.ch\/wp-content\/uploads\/2026\/02\/20Feb-768x403.jpg\" class=\"attachment-medium_large size-medium_large wp-image-180323\" alt=\"\" srcset=\"https:\/\/staging.we-net.ch\/wp-content\/uploads\/2026\/02\/20Feb-768x403.jpg 768w, https:\/\/staging.we-net.ch\/wp-content\/uploads\/2026\/02\/20Feb-300x157.jpg 300w, https:\/\/staging.we-net.ch\/wp-content\/uploads\/2026\/02\/20Feb-1024x537.jpg 1024w, https:\/\/staging.we-net.ch\/wp-content\/uploads\/2026\/02\/20Feb-18x9.jpg 18w, https:\/\/staging.we-net.ch\/wp-content\/uploads\/2026\/02\/20Feb.jpg 1211w\" sizes=\"(max-width: 768px) 100vw, 768px\" title=\"\" \/><\/div><\/a>\n\t\t\t\t<div class=\"elementor-post__badge\">Consulente<\/div>\n\t\t\t\t<div class=\"elementor-post__avatar\">\n\t\t\t\t\t<\/div>\n\t\t\t\t<div class=\"elementor-post__text\">\n\t\t\t\t<h3 class=\"elementor-post__title\">\n\t\t\t<a href=\"https:\/\/staging.we-net.ch\/it\/green-premium-2026-aumenta-realmente-lefficienza-energetica-e-il-valore-degli-immobili-in-svizzera\/\" target=\"&quot;_blank&quot;\">\n\t\t\t\tGreen Premium 2026: L'efficienza energetica aumenta davvero il valore degli immobili in Svizzera?\t\t\t<\/a>\n\t\t<\/h3>\n\t\t\t\t<div class=\"elementor-post__excerpt\">\n\t\t\t<p>La sostenibilit\u00e0 non \u00e8 pi\u00f9 una tendenza nel mercato immobiliare svizzero, ma un fattore di valutazione strutturale. L'efficienza energetica oggi influenza\t\t<\/div>\n\t\t\t\t\t<div class=\"elementor-post__read-more-wrapper\">\n\t\t\n\t\t<a class=\"elementor-post__read-more\" href=\"https:\/\/staging.we-net.ch\/it\/green-premium-2026-aumenta-realmente-lefficienza-energetica-e-il-valore-degli-immobili-in-svizzera\/\" aria-label=\"Leggi tutto Green Premium 2026: L&#039;efficienza energetica aumenta davvero il valore degli immobili in Svizzera?\" tabindex=\"-1\" target=\"_blank\">\n\t\t\tPer saperne di pi\u00f9 \"\t\t<\/a>\n\n\t\t\t\t\t<\/div>\n\t\t\t\t<\/div>\n\t\t\t\t<div class=\"elementor-post__meta-data\">\n\t\t\t\t\t<span class=\"elementor-post-date\">\n\t\t\t20 febbraio 2026\t\t<\/span>\n\t\t\t\t<\/div>\n\t\t\t\t\t<\/div>\n\t\t<\/article>\n\t\t\t\t<article class=\"elementor-post elementor-grid-item post-179836 post type-post status-publish format-standard has-post-thumbnail hentry category-immobilienmarkt-schweiz category-ratgeber category-wohntrends-in-der-schweiz tag-immobilien-schweiz tag-immobilienetwicklung tag-immobilienprojekte\" role=\"listitem\">\n\t\t\t<div class=\"elementor-post__card\">\n\t\t\t\t<a class=\"elementor-post__thumbnail__link\" href=\"https:\/\/staging.we-net.ch\/it\/limposta-sugli-utili-immobiliari-in-svizzera-un-confronto-tra-i-cantoni\/\" tabindex=\"-1\" target=\"_blank\"><div class=\"elementor-post__thumbnail\"><img loading=\"lazy\" decoding=\"async\" width=\"768\" height=\"403\" src=\"https:\/\/staging.we-net.ch\/wp-content\/uploads\/2026\/02\/16Feb-768x403.jpg\" class=\"attachment-medium_large size-medium_large wp-image-179838\" alt=\"\" srcset=\"https:\/\/staging.we-net.ch\/wp-content\/uploads\/2026\/02\/16Feb-768x403.jpg 768w, https:\/\/staging.we-net.ch\/wp-content\/uploads\/2026\/02\/16Feb-300x157.jpg 300w, https:\/\/staging.we-net.ch\/wp-content\/uploads\/2026\/02\/16Feb-1024x537.jpg 1024w, https:\/\/staging.we-net.ch\/wp-content\/uploads\/2026\/02\/16Feb-18x9.jpg 18w, https:\/\/staging.we-net.ch\/wp-content\/uploads\/2026\/02\/16Feb.jpg 1229w\" sizes=\"(max-width: 768px) 100vw, 768px\" title=\"\" \/><\/div><\/a>\n\t\t\t\t<div class=\"elementor-post__badge\">Mercato immobiliare Svizzera<\/div>\n\t\t\t\t<div class=\"elementor-post__avatar\">\n\t\t\t\t\t<\/div>\n\t\t\t\t<div class=\"elementor-post__text\">\n\t\t\t\t<h3 class=\"elementor-post__title\">\n\t\t\t<a href=\"https:\/\/staging.we-net.ch\/it\/limposta-sugli-utili-immobiliari-in-svizzera-un-confronto-tra-i-cantoni\/\" target=\"&quot;_blank&quot;\">\n\t\t\t\tL'imposta sugli utili immobiliari in Svizzera: un confronto tra i cantoni\t\t\t<\/a>\n\t\t<\/h3>\n\t\t\t\t<div class=\"elementor-post__excerpt\">\n\t\t\t<p>L'imposta sugli utili immobiliari si applica a chiunque venda un immobile o un terreno in Svizzera. Essa\t\t<\/div>\n\t\t\t\t\t<div class=\"elementor-post__read-more-wrapper\">\n\t\t\n\t\t<a class=\"elementor-post__read-more\" href=\"https:\/\/staging.we-net.ch\/it\/limposta-sugli-utili-immobiliari-in-svizzera-un-confronto-tra-i-cantoni\/\" aria-label=\"Leggi tutto Imposta sugli utili immobiliari in Svizzera: un confronto tra i cantoni\" tabindex=\"-1\" target=\"_blank\">\n\t\t\tPer saperne di pi\u00f9 \"\t\t<\/a>\n\n\t\t\t\t\t<\/div>\n\t\t\t\t<\/div>\n\t\t\t\t<div class=\"elementor-post__meta-data\">\n\t\t\t\t\t<span class=\"elementor-post-date\">\n\t\t\t16 febbraio 2026\t\t<\/span>\n\t\t\t\t<\/div>\n\t\t\t\t\t<\/div>\n\t\t<\/article>\n\t\t\t\t<article class=\"elementor-post elementor-grid-item post-179180 post type-post status-publish format-standard has-post-thumbnail hentry category-immobilienmarkt-schweiz category-ratgeber category-wohntrends-in-der-schweiz tag-immobilien-schweiz tag-immobilienetwicklung tag-immobilienprojekte\" role=\"listitem\">\n\t\t\t<div class=\"elementor-post__card\">\n\t\t\t\t<a class=\"elementor-post__thumbnail__link\" href=\"https:\/\/staging.we-net.ch\/it\/immobili-fuori-mercato-in-svizzera-discrezione-controllo-e-vantaggio-strategico\/\" tabindex=\"-1\" target=\"_blank\"><div class=\"elementor-post__thumbnail\"><img loading=\"lazy\" decoding=\"async\" width=\"768\" height=\"405\" src=\"https:\/\/staging.we-net.ch\/wp-content\/uploads\/2026\/02\/offPage-768x405.jpg\" class=\"attachment-medium_large size-medium_large wp-image-179299\" alt=\"\" srcset=\"https:\/\/staging.we-net.ch\/wp-content\/uploads\/2026\/02\/offPage-768x405.jpg 768w, https:\/\/staging.we-net.ch\/wp-content\/uploads\/2026\/02\/offPage-300x158.jpg 300w, https:\/\/staging.we-net.ch\/wp-content\/uploads\/2026\/02\/offPage-1024x541.jpg 1024w, https:\/\/staging.we-net.ch\/wp-content\/uploads\/2026\/02\/offPage-18x10.jpg 18w, https:\/\/staging.we-net.ch\/wp-content\/uploads\/2026\/02\/offPage.jpg 1216w\" sizes=\"(max-width: 768px) 100vw, 768px\" title=\"\" \/><\/div><\/a>\n\t\t\t\t<div class=\"elementor-post__badge\">Mercato immobiliare Svizzera<\/div>\n\t\t\t\t<div class=\"elementor-post__avatar\">\n\t\t\t\t\t<\/div>\n\t\t\t\t<div class=\"elementor-post__text\">\n\t\t\t\t<h3 class=\"elementor-post__title\">\n\t\t\t<a href=\"https:\/\/staging.we-net.ch\/it\/immobili-fuori-mercato-in-svizzera-discrezione-controllo-e-vantaggio-strategico\/\" target=\"&quot;_blank&quot;\">\n\t\t\t\tImmobili fuori mercato in Svizzera - discrezione, controllo e vantaggio strategico\t\t\t<\/a>\n\t\t<\/h3>\n\t\t\t\t<div class=\"elementor-post__excerpt\">\n\t\t\t<p>In qualit\u00e0 di agenzia immobiliare esperta, sappiamo che una presenza visibile e mirata \u00e8 un fattore decisivo per il successo.\t\t<\/div>\n\t\t\t\t\t<div class=\"elementor-post__read-more-wrapper\">\n\t\t\n\t\t<a class=\"elementor-post__read-more\" href=\"https:\/\/staging.we-net.ch\/it\/immobili-fuori-mercato-in-svizzera-discrezione-controllo-e-vantaggio-strategico\/\" aria-label=\"Leggi tutto Immobili fuori mercato in Svizzera - Discrezione, controllo e vantaggio strategico\" tabindex=\"-1\" target=\"_blank\">\n\t\t\tPer saperne di pi\u00f9 \"\t\t<\/a>\n\n\t\t\t\t\t<\/div>\n\t\t\t\t<\/div>\n\t\t\t\t<div class=\"elementor-post__meta-data\">\n\t\t\t\t\t<span class=\"elementor-post-date\">\n\t\t\t12 febbraio 2026\t\t<\/span>\n\t\t\t\t<\/div>\n\t\t\t\t\t<\/div>\n\t\t<\/article>\n\t\t\t\t<article class=\"elementor-post elementor-grid-item post-178996 post type-post status-publish format-standard has-post-thumbnail hentry category-immobilienmarkt-schweiz category-ratgeber category-wohntrends-in-der-schweiz tag-immobilien-schweiz tag-immobilienetwicklung tag-immobilienprojekte\" role=\"listitem\">\n\t\t\t<div class=\"elementor-post__card\">\n\t\t\t\t<a class=\"elementor-post__thumbnail__link\" href=\"https:\/\/staging.we-net.ch\/it\/opportunita-e-sfide-per-il-settore-immobiliare-on-market-in-svizzera\/\" tabindex=\"-1\" target=\"_blank\"><div class=\"elementor-post__thumbnail\"><img loading=\"lazy\" decoding=\"async\" width=\"768\" height=\"403\" src=\"https:\/\/staging.we-net.ch\/wp-content\/uploads\/2026\/02\/ratgeber1-768x403.jpg\" class=\"attachment-medium_large size-medium_large wp-image-179056\" alt=\"\" srcset=\"https:\/\/staging.we-net.ch\/wp-content\/uploads\/2026\/02\/ratgeber1-768x403.jpg 768w, https:\/\/staging.we-net.ch\/wp-content\/uploads\/2026\/02\/ratgeber1-300x157.jpg 300w, https:\/\/staging.we-net.ch\/wp-content\/uploads\/2026\/02\/ratgeber1-1024x537.jpg 1024w, https:\/\/staging.we-net.ch\/wp-content\/uploads\/2026\/02\/ratgeber1-18x9.jpg 18w, https:\/\/staging.we-net.ch\/wp-content\/uploads\/2026\/02\/ratgeber1.jpg 1212w\" sizes=\"(max-width: 768px) 100vw, 768px\" title=\"\" \/><\/div><\/a>\n\t\t\t\t<div class=\"elementor-post__badge\">Mercato immobiliare Svizzera<\/div>\n\t\t\t\t<div class=\"elementor-post__avatar\">\n\t\t\t\t\t<\/div>\n\t\t\t\t<div class=\"elementor-post__text\">\n\t\t\t\t<h3 class=\"elementor-post__title\">\n\t\t\t<a href=\"https:\/\/staging.we-net.ch\/it\/opportunita-e-sfide-per-il-settore-immobiliare-on-market-in-svizzera\/\" target=\"&quot;_blank&quot;\">\n\t\t\t\tPropriet\u00e0 sul mercato in Svizzera: opportunit\u00e0 e sfide\t\t\t<\/a>\n\t\t<\/h3>\n\t\t\t\t<div class=\"elementor-post__excerpt\">\n\t\t\t<p>In qualit\u00e0 di agenzia immobiliare esperta, sappiamo che una presenza visibile e mirata \u00e8 un fattore decisivo per il successo.\t\t<\/div>\n\t\t\t\t\t<div class=\"elementor-post__read-more-wrapper\">\n\t\t\n\t\t<a class=\"elementor-post__read-more\" href=\"https:\/\/staging.we-net.ch\/it\/opportunita-e-sfide-per-il-settore-immobiliare-on-market-in-svizzera\/\" aria-label=\"Leggi tutto Immobiliare sul mercato in Svizzera - Opportunit\u00e0 e sfide\" tabindex=\"-1\" target=\"_blank\">\n\t\t\tPer saperne di pi\u00f9 \"\t\t<\/a>\n\n\t\t\t\t\t<\/div>\n\t\t\t\t<\/div>\n\t\t\t\t<div class=\"elementor-post__meta-data\">\n\t\t\t\t\t<span class=\"elementor-post-date\">\n\t\t\t10 febbraio 2026\t\t<\/span>\n\t\t\t\t<\/div>\n\t\t\t\t\t<\/div>\n\t\t<\/article>\n\t\t\t\t<article class=\"elementor-post elementor-grid-item post-178950 post type-post status-publish format-standard has-post-thumbnail hentry category-immobilienmarkt-schweiz category-ratgeber category-wohntrends-in-der-schweiz tag-immobilien-schweiz tag-immobilienetwicklung tag-immobilienprojekte\" role=\"listitem\">\n\t\t\t<div class=\"elementor-post__card\">\n\t\t\t\t<a class=\"elementor-post__thumbnail__link\" href=\"https:\/\/staging.we-net.ch\/it\/marketing-immobiliare-di-successo-con-wenet-ag-e-newhome-al-vostro-fianco\/\" tabindex=\"-1\" target=\"_blank\"><div class=\"elementor-post__thumbnail\"><img loading=\"lazy\" decoding=\"async\" width=\"768\" height=\"403\" src=\"https:\/\/staging.we-net.ch\/wp-content\/uploads\/2026\/02\/09Feb-768x403.jpg\" class=\"attachment-medium_large size-medium_large wp-image-178952\" alt=\"\" srcset=\"https:\/\/staging.we-net.ch\/wp-content\/uploads\/2026\/02\/09Feb-768x403.jpg 768w, https:\/\/staging.we-net.ch\/wp-content\/uploads\/2026\/02\/09Feb-300x157.jpg 300w, https:\/\/staging.we-net.ch\/wp-content\/uploads\/2026\/02\/09Feb-1024x537.jpg 1024w, https:\/\/staging.we-net.ch\/wp-content\/uploads\/2026\/02\/09Feb-18x9.jpg 18w, https:\/\/staging.we-net.ch\/wp-content\/uploads\/2026\/02\/09Feb.jpg 1227w\" sizes=\"(max-width: 768px) 100vw, 768px\" title=\"\" \/><\/div><\/a>\n\t\t\t\t<div class=\"elementor-post__badge\">Mercato immobiliare Svizzera<\/div>\n\t\t\t\t<div class=\"elementor-post__avatar\">\n\t\t\t\t\t<\/div>\n\t\t\t\t<div class=\"elementor-post__text\">\n\t\t\t\t<h3 class=\"elementor-post__title\">\n\t\t\t<a href=\"https:\/\/staging.we-net.ch\/it\/marketing-immobiliare-di-successo-con-wenet-ag-e-newhome-al-vostro-fianco\/\" target=\"&quot;_blank&quot;\">\n\t\t\t\tMarketing immobiliare di successo - con WENET AG e newhome al vostro fianco\t\t\t<\/a>\n\t\t<\/h3>\n\t\t\t\t<div class=\"elementor-post__excerpt\">\n\t\t\t<p>In qualit\u00e0 di agenzia immobiliare esperta, sappiamo che una presenza visibile e mirata \u00e8 un fattore decisivo per il successo.\t\t<\/div>\n\t\t\t\t\t<div class=\"elementor-post__read-more-wrapper\">\n\t\t\n\t\t<a class=\"elementor-post__read-more\" href=\"https:\/\/staging.we-net.ch\/it\/marketing-immobiliare-di-successo-con-wenet-ag-e-newhome-al-vostro-fianco\/\" aria-label=\"Leggi tutto Mercati immobiliari di successo - Con WENET AG e newhome al vostro fianco\" tabindex=\"-1\" target=\"_blank\">\n\t\t\tPer saperne di pi\u00f9 \"\t\t<\/a>\n\n\t\t\t\t\t<\/div>\n\t\t\t\t<\/div>\n\t\t\t\t<div class=\"elementor-post__meta-data\">\n\t\t\t\t\t<span class=\"elementor-post-date\">\n\t\t\t9 febbraio 2026\t\t<\/span>\n\t\t\t\t<\/div>\n\t\t\t\t\t<\/div>\n\t\t<\/article>\n\t\t\t\t<article class=\"elementor-post elementor-grid-item post-178068 post type-post status-publish format-standard has-post-thumbnail hentry category-immobilienmarkt-schweiz category-ratgeber category-wohntrends-in-der-schweiz tag-immobilien-schweiz tag-immobilienetwicklung tag-immobilienprojekte\" role=\"listitem\">\n\t\t\t<div class=\"elementor-post__card\">\n\t\t\t\t<a class=\"elementor-post__thumbnail__link\" href=\"https:\/\/staging.we-net.ch\/it\/mercato-dei-mutui-2026-cambiamenti-strutturali-stabilizzazione-e-opportunita-strategiche\/\" tabindex=\"-1\" target=\"_blank\"><div class=\"elementor-post__thumbnail\"><img loading=\"lazy\" decoding=\"async\" width=\"768\" height=\"404\" src=\"https:\/\/staging.we-net.ch\/wp-content\/uploads\/2026\/02\/hypothekarmarkt2026-768x404.jpg\" class=\"attachment-medium_large size-medium_large wp-image-178070\" alt=\"\" srcset=\"https:\/\/staging.we-net.ch\/wp-content\/uploads\/2026\/02\/hypothekarmarkt2026-768x404.jpg 768w, https:\/\/staging.we-net.ch\/wp-content\/uploads\/2026\/02\/hypothekarmarkt2026-300x158.jpg 300w, https:\/\/staging.we-net.ch\/wp-content\/uploads\/2026\/02\/hypothekarmarkt2026-1024x538.jpg 1024w, https:\/\/staging.we-net.ch\/wp-content\/uploads\/2026\/02\/hypothekarmarkt2026-18x9.jpg 18w, https:\/\/staging.we-net.ch\/wp-content\/uploads\/2026\/02\/hypothekarmarkt2026.jpg 1231w\" sizes=\"(max-width: 768px) 100vw, 768px\" title=\"\" \/><\/div><\/a>\n\t\t\t\t<div class=\"elementor-post__badge\">Mercato immobiliare Svizzera<\/div>\n\t\t\t\t<div class=\"elementor-post__avatar\">\n\t\t\t\t\t<\/div>\n\t\t\t\t<div class=\"elementor-post__text\">\n\t\t\t\t<h3 class=\"elementor-post__title\">\n\t\t\t<a href=\"https:\/\/staging.we-net.ch\/it\/mercato-dei-mutui-2026-cambiamenti-strutturali-stabilizzazione-e-opportunita-strategiche\/\" target=\"&quot;_blank&quot;\">\n\t\t\t\tMercato ipotecario 2026: Cambiamenti strutturali, stabilizzazione e opportunit\u00e0 strategiche\t\t\t<\/a>\n\t\t<\/h3>\n\t\t\t\t<div class=\"elementor-post__excerpt\">\n\t\t\t<p>Dopo anni di misure eccezionali di politica monetaria, il mercato dei mutui nel 2026 si trova in una fase\t\t<\/div>\n\t\t\t\t\t<div class=\"elementor-post__read-more-wrapper\">\n\t\t\n\t\t<a class=\"elementor-post__read-more\" href=\"https:\/\/staging.we-net.ch\/it\/mercato-dei-mutui-2026-cambiamenti-strutturali-stabilizzazione-e-opportunita-strategiche\/\" aria-label=\"Leggi tutto Mercato dei mutui 2026: Cambiamenti strutturali, stabilizzazione e opportunit\u00e0 strategiche\" tabindex=\"-1\" target=\"_blank\">\n\t\t\tPer saperne di pi\u00f9 \"\t\t<\/a>\n\n\t\t\t\t\t<\/div>\n\t\t\t\t<\/div>\n\t\t\t\t<div class=\"elementor-post__meta-data\">\n\t\t\t\t\t<span class=\"elementor-post-date\">\n\t\t\t2 febbraio 2026\t\t<\/span>\n\t\t\t\t<\/div>\n\t\t\t\t\t<\/div>\n\t\t<\/article>\n\t\t\t\t<\/div>\n\t\t\n\t\t\t\t<div class=\"e-load-more-anchor\" data-page=\"1\" data-max-page=\"12\" data-next-page=\"https:\/\/staging.we-net.ch\/it\/?e-page-2363000=2\"><\/div>\n\t\t\t\t<nav class=\"elementor-pagination\" aria-label=\"Paginazione\">\n\t\t\t<span class=\"page-numbers prev\">\" Pagina precedente<\/span>\n<span aria-current=\"page\" class=\"page-numbers current\"><span class=\"elementor-screen-only\">Pagina<\/span>1<\/span>\n<a class=\"page-numbers\" href=\"https:\/\/staging.we-net.ch\/it\/wp-json\/wp\/v2\/pages\/174717\/?e-page-2363000=2\"><span class=\"elementor-screen-only\">Pagina<\/span>2<\/a>\n<a class=\"page-numbers\" href=\"https:\/\/staging.we-net.ch\/it\/wp-json\/wp\/v2\/pages\/174717\/?e-page-2363000=3\"><span class=\"elementor-screen-only\">Pagina<\/span>3<\/a>\n<a class=\"page-numbers\" href=\"https:\/\/staging.we-net.ch\/it\/wp-json\/wp\/v2\/pages\/174717\/?e-page-2363000=4\"><span class=\"elementor-screen-only\">Pagina<\/span>4<\/a>\n<a class=\"page-numbers\" href=\"https:\/\/staging.we-net.ch\/it\/wp-json\/wp\/v2\/pages\/174717\/?e-page-2363000=5\"><span class=\"elementor-screen-only\">Pagina<\/span>5<\/a>\n<a class=\"page-numbers\" href=\"https:\/\/staging.we-net.ch\/it\/wp-json\/wp\/v2\/pages\/174717\/?e-page-2363000=6\"><span class=\"elementor-screen-only\">Pagina<\/span>6<\/a>\n<a class=\"page-numbers\" href=\"https:\/\/staging.we-net.ch\/it\/wp-json\/wp\/v2\/pages\/174717\/?e-page-2363000=7\"><span class=\"elementor-screen-only\">Pagina<\/span>7<\/a>\n<a class=\"page-numbers\" href=\"https:\/\/staging.we-net.ch\/it\/wp-json\/wp\/v2\/pages\/174717\/?e-page-2363000=8\"><span class=\"elementor-screen-only\">Pagina<\/span>8<\/a>\n<a class=\"page-numbers\" href=\"https:\/\/staging.we-net.ch\/it\/wp-json\/wp\/v2\/pages\/174717\/?e-page-2363000=9\"><span class=\"elementor-screen-only\">Pagina<\/span>9<\/a>\n<a class=\"page-numbers\" href=\"https:\/\/staging.we-net.ch\/it\/wp-json\/wp\/v2\/pages\/174717\/?e-page-2363000=10\"><span class=\"elementor-screen-only\">Pagina<\/span>10<\/a>\n<a class=\"page-numbers\" href=\"https:\/\/staging.we-net.ch\/it\/wp-json\/wp\/v2\/pages\/174717\/?e-page-2363000=11\"><span class=\"elementor-screen-only\">Pagina<\/span>11<\/a>\n<a class=\"page-numbers\" href=\"https:\/\/staging.we-net.ch\/it\/wp-json\/wp\/v2\/pages\/174717\/?e-page-2363000=12\"><span class=\"elementor-screen-only\">Pagina<\/span>12<\/a>\n<a class=\"page-numbers next\" href=\"https:\/\/staging.we-net.ch\/it\/?e-page-2363000=2\">Pagina successiva \"<\/a>\t\t<\/nav>\n\t\t\t\t\t\t<\/div>\n\t\t\t\t<\/div>\n\t\t\t\t\t<\/div>\n\t\t\t\t<\/div>\n\t\t\t\t<\/div>","protected":false},"excerpt":{"rendered":"<p>Le ultime notizie dal settore immobiliare In questa rivista online di WENET AG troverete le nostre notizie dal settore immobiliare su argomenti specifici o generali - per la nostra comunit\u00e0 di lettori e fedeli lettori. Se abbiamo tralasciato qualcosa o non abbiamo approfondito abbastanza un argomento, fatecelo sapere. Buona lettura e<\/p>","protected":false},"author":9039,"featured_media":0,"parent":0,"menu_order":0,"comment_status":"closed","ping_status":"closed","template":"","meta":{"_acf_changed":false,"_rtcl_gb_attr":"","inline_featured_image":false,"footnotes":""},"folder":[13317],"class_list":["post-174717","page","type-page","status-publish","hentry"],"acf":[],"yoast_head":"<!-- This site is optimized with the Yoast SEO Premium plugin v24.2 (Yoast SEO v27.1.1) - https:\/\/yoast.com\/product\/yoast-seo-premium-wordpress\/ -->\n<title>Immobilien Ratgeber f\u00fcr K\u00e4ufer und Verk\u00e4ufer \u2013 WENET AG<\/title>\n<meta name=\"description\" content=\"Alles, was Sie rund um Immobilien in der Schweiz wissen m\u00fcssen \u2013 verst\u00e4ndlich erkl\u00e4rt f\u00fcr K\u00e4ufer, Verk\u00e4ufer und Vermietende.\" \/>\n<meta name=\"robots\" content=\"index, follow, max-snippet:-1, max-image-preview:large, max-video-preview:-1\" \/>\n<link rel=\"canonical\" href=\"https:\/\/we-net.ch\/ratgeber\/\" \/>\n<meta property=\"og:locale\" content=\"it_IT\" \/>\n<meta property=\"og:type\" content=\"article\" \/>\n<meta property=\"og:title\" content=\"Ratgeber\" \/>\n<meta property=\"og:description\" content=\"Alles, was Sie rund um Immobilien in der Schweiz wissen m\u00fcssen \u2013 verst\u00e4ndlich erkl\u00e4rt f\u00fcr K\u00e4ufer, Verk\u00e4ufer und Vermietende.\" \/>\n<meta property=\"og:url\" content=\"https:\/\/we-net.ch\/ratgeber\/\" \/>\n<meta property=\"og:site_name\" content=\"WENET AG\" \/>\n<meta property=\"article:modified_time\" content=\"2026-03-12T09:58:16+00:00\" \/>\n<meta property=\"og:image\" content=\"https:\/\/staging.we-net.ch\/wp-content\/uploads\/2024\/11\/watermark2.png\" \/>\n\t<meta property=\"og:image:width\" content=\"800\" \/>\n\t<meta property=\"og:image:height\" content=\"107\" \/>\n\t<meta property=\"og:image:type\" content=\"image\/png\" \/>\n<meta name=\"twitter:card\" content=\"summary_large_image\" \/>\n<meta name=\"twitter:label1\" content=\"Tempo di lettura stimato\" \/>\n\t<meta name=\"twitter:data1\" content=\"5 minuti\" \/>\n<!-- \/ Yoast SEO Premium plugin. -->","yoast_head_json":{"title":"Guida immobiliare per acquirenti e venditori - WENET AG","description":"Tutto quello che c'\u00e8 da sapere sugli immobili in Svizzera - spiegato chiaramente per acquirenti, venditori e proprietari.","robots":{"index":"index","follow":"follow","max-snippet":"max-snippet:-1","max-image-preview":"max-image-preview:large","max-video-preview":"max-video-preview:-1"},"canonical":"https:\/\/we-net.ch\/ratgeber\/","og_locale":"it_IT","og_type":"article","og_title":"Ratgeber","og_description":"Alles, was Sie rund um Immobilien in der Schweiz wissen m\u00fcssen \u2013 verst\u00e4ndlich erkl\u00e4rt f\u00fcr K\u00e4ufer, Verk\u00e4ufer und Vermietende.","og_url":"https:\/\/we-net.ch\/ratgeber\/","og_site_name":"WENET AG","article_modified_time":"2026-03-12T09:58:16+00:00","og_image":[{"width":800,"height":107,"url":"https:\/\/staging.we-net.ch\/wp-content\/uploads\/2024\/11\/watermark2.png","type":"image\/png"}],"twitter_card":"summary_large_image","twitter_misc":{"Tempo di lettura stimato":"5 minuti"},"schema":{"@context":"https:\/\/schema.org","@graph":[{"@type":"WebPage","@id":"https:\/\/we-net.ch\/ratgeber\/","url":"https:\/\/we-net.ch\/ratgeber\/","name":"Guida immobiliare per acquirenti e venditori - WENET AG","isPartOf":{"@id":"https:\/\/we-net.ch\/#website"},"datePublished":"2026-01-12T09:46:09+00:00","dateModified":"2026-03-12T09:58:16+00:00","description":"Tutto quello che c'\u00e8 da sapere sugli immobili in Svizzera - spiegato chiaramente per acquirenti, venditori e proprietari.","breadcrumb":{"@id":"https:\/\/we-net.ch\/ratgeber\/#breadcrumb"},"inLanguage":"it-IT","potentialAction":[{"@type":"ReadAction","target":["https:\/\/we-net.ch\/ratgeber\/"]}]},{"@type":"BreadcrumbList","@id":"https:\/\/we-net.ch\/ratgeber\/#breadcrumb","itemListElement":[{"@type":"ListItem","position":1,"name":"Startseite","item":"https:\/\/we-net.ch\/"},{"@type":"ListItem","position":2,"name":"Ratgeber"}]},{"@type":"WebSite","@id":"https:\/\/we-net.ch\/#website","url":"https:\/\/we-net.ch\/","name":"WENET AG","description":"Immobili","publisher":{"@id":"https:\/\/we-net.ch\/#organization"},"potentialAction":[{"@type":"SearchAction","target":{"@type":"EntryPoint","urlTemplate":"https:\/\/we-net.ch\/?s={search_term_string}"},"query-input":{"@type":"PropertyValueSpecification","valueRequired":true,"valueName":"search_term_string"}}],"inLanguage":"it-IT"},{"@type":"Organization","@id":"https:\/\/we-net.ch\/#organization","name":"WENET AG","url":"https:\/\/we-net.ch\/","logo":{"@type":"ImageObject","inLanguage":"it-IT","@id":"https:\/\/we-net.ch\/#\/schema\/logo\/image\/","url":"https:\/\/we-net.ch\/wp-content\/uploads\/2024\/11\/watermark2.png","contentUrl":"https:\/\/we-net.ch\/wp-content\/uploads\/2024\/11\/watermark2.png","width":800,"height":107,"caption":"WENET AG"},"image":{"@id":"https:\/\/we-net.ch\/#\/schema\/logo\/image\/"}}]}},"_links":{"self":[{"href":"https:\/\/staging.we-net.ch\/it\/wp-json\/wp\/v2\/pages\/174717","targetHints":{"allow":["GET"]}}],"collection":[{"href":"https:\/\/staging.we-net.ch\/it\/wp-json\/wp\/v2\/pages"}],"about":[{"href":"https:\/\/staging.we-net.ch\/it\/wp-json\/wp\/v2\/types\/page"}],"author":[{"embeddable":true,"href":"https:\/\/staging.we-net.ch\/it\/wp-json\/wp\/v2\/users\/9039"}],"replies":[{"embeddable":true,"href":"https:\/\/staging.we-net.ch\/it\/wp-json\/wp\/v2\/comments?post=174717"}],"version-history":[{"count":26,"href":"https:\/\/staging.we-net.ch\/it\/wp-json\/wp\/v2\/pages\/174717\/revisions"}],"predecessor-version":[{"id":182450,"href":"https:\/\/staging.we-net.ch\/it\/wp-json\/wp\/v2\/pages\/174717\/revisions\/182450"}],"wp:attachment":[{"href":"https:\/\/staging.we-net.ch\/it\/wp-json\/wp\/v2\/media?parent=174717"}],"wp:term":[{"taxonomy":"folder","embeddable":true,"href":"https:\/\/staging.we-net.ch\/it\/wp-json\/wp\/v2\/folder?post=174717"}],"curies":[{"name":"wp","href":"https:\/\/api.w.org\/{rel}","templated":true}]}}