{"id":174717,"date":"2026-01-12T10:46:09","date_gmt":"2026-01-12T09:46:09","guid":{"rendered":"https:\/\/we-net.ch\/?page_id=174717"},"modified":"2026-03-12T10:58:16","modified_gmt":"2026-03-12T09:58:16","slug":"guide","status":"publish","type":"page","link":"https:\/\/staging.we-net.ch\/fr\/guide\/","title":{"rendered":"Guide pratique"},"content":{"rendered":"<div data-elementor-type=\"wp-page\" data-elementor-id=\"174717\" class=\"elementor elementor-174717\" data-elementor-post-type=\"page\">\n\t\t\t\t<div class=\"elementor-element elementor-element-7e9b5fe e-flex e-con-boxed e-con e-parent\" data-id=\"7e9b5fe\" data-element_type=\"container\" data-e-type=\"container\" data-settings=\"{&quot;background_background&quot;:&quot;classic&quot;}\">\n\t\t\t\t\t<div class=\"e-con-inner\">\n\t\t<div class=\"elementor-element elementor-element-6fc1163 e-con-full e-flex e-con e-child\" data-id=\"6fc1163\" data-element_type=\"container\" data-e-type=\"container\" data-settings=\"{&quot;background_background&quot;:&quot;classic&quot;}\">\n\t\t<div class=\"elementor-element elementor-element-cb7a4db e-con-full e-flex e-con e-child\" data-id=\"cb7a4db\" data-element_type=\"container\" data-e-type=\"container\">\n\t\t\t\t<div class=\"elementor-element elementor-element-070dd54 elementor-widget elementor-widget-heading\" data-id=\"070dd54\" data-element_type=\"widget\" data-e-type=\"widget\" data-widget_type=\"heading.default\">\n\t\t\t\t<div class=\"elementor-widget-container\">\n\t\t\t\t\t<h1 class=\"elementor-heading-title elementor-size-default\">Actualit\u00e9s du secteur immobilier<\/h1>\t\t\t\t<\/div>\n\t\t\t\t<\/div>\n\t\t\t\t<\/div>\n\t\t\t\t<\/div>\n\t\t\t\t\t<\/div>\n\t\t\t\t<\/div>\n\t\t<div class=\"elementor-element elementor-element-35cd5ee e-flex e-con-boxed e-con e-parent\" data-id=\"35cd5ee\" data-element_type=\"container\" data-e-type=\"container\">\n\t\t\t\t\t<div class=\"e-con-inner\">\n\t\t\t\t<div class=\"elementor-element elementor-element-91d9aca elementor-widget elementor-widget-heading\" data-id=\"91d9aca\" data-element_type=\"widget\" data-e-type=\"widget\" data-widget_type=\"heading.default\">\n\t\t\t\t<div class=\"elementor-widget-container\">\n\t\t\t\t\t<p class=\"elementor-heading-title elementor-size-default\">Dans ce journal en ligne de WENET AG, vous trouverez nos actualit\u00e9s du secteur immobilier sur des th\u00e8mes sp\u00e9cifiques ou g\u00e9n\u00e9raux - pour notre communaut\u00e9 de lecteurs et notre fid\u00e8le lectorat. Si nous avons oubli\u00e9 quelque chose ou si nous n'avons pas abord\u00e9 un sujet de mani\u00e8re assez d\u00e9taill\u00e9e, nous serions heureux de recevoir vos remarques. Nous vous souhaitons une bonne lecture et nous nous r\u00e9jouissons de votre prise de contact. Profitez de nos articles, id\u00e9es et suggestions pour chez vous, personnellement ou en d\u00e9placement et profitez des connaissances rassembl\u00e9es, emball\u00e9es par votre partenaire immobilier WENET AG.\n<\/p>\t\t\t\t<\/div>\n\t\t\t\t<\/div>\n\t\t\t\t\t<\/div>\n\t\t\t\t<\/div>\n\t\t<div class=\"elementor-element elementor-element-786fe6f e-flex e-con-boxed e-con e-parent\" data-id=\"786fe6f\" data-element_type=\"container\" data-e-type=\"container\">\n\t\t\t\t\t<div class=\"e-con-inner\">\n\t\t\t\t<div class=\"elementor-element elementor-element-2363000 elementor-posts--align-left elementor-grid-3 elementor-grid-tablet-2 elementor-grid-mobile-1 elementor-posts--thumbnail-top elementor-posts--show-avatar elementor-card-shadow-yes elementor-posts__hover-gradient elementor-widget elementor-widget-posts\" data-id=\"2363000\" data-element_type=\"widget\" data-e-type=\"widget\" data-settings=\"{&quot;pagination_type&quot;:&quot;numbers_and_prev_next&quot;,&quot;cards_columns&quot;:&quot;3&quot;,&quot;cards_columns_tablet&quot;:&quot;2&quot;,&quot;cards_columns_mobile&quot;:&quot;1&quot;,&quot;cards_row_gap&quot;:{&quot;unit&quot;:&quot;px&quot;,&quot;size&quot;:35,&quot;sizes&quot;:[]},&quot;cards_row_gap_laptop&quot;:{&quot;unit&quot;:&quot;px&quot;,&quot;size&quot;:&quot;&quot;,&quot;sizes&quot;:[]},&quot;cards_row_gap_tablet_extra&quot;:{&quot;unit&quot;:&quot;px&quot;,&quot;size&quot;:&quot;&quot;,&quot;sizes&quot;:[]},&quot;cards_row_gap_tablet&quot;:{&quot;unit&quot;:&quot;px&quot;,&quot;size&quot;:&quot;&quot;,&quot;sizes&quot;:[]},&quot;cards_row_gap_mobile_extra&quot;:{&quot;unit&quot;:&quot;px&quot;,&quot;size&quot;:&quot;&quot;,&quot;sizes&quot;:[]},&quot;cards_row_gap_mobile&quot;:{&quot;unit&quot;:&quot;px&quot;,&quot;size&quot;:&quot;&quot;,&quot;sizes&quot;:[]}}\" data-widget_type=\"posts.cards\">\n\t\t\t\t<div class=\"elementor-widget-container\">\n\t\t\t\t\t\t\t<div class=\"elementor-posts-container elementor-posts elementor-posts--skin-cards elementor-grid\" role=\"list\">\n\t\t\t\t<article class=\"elementor-post elementor-grid-item post-182076 post type-post status-publish format-standard has-post-thumbnail hentry category-ratgeber tag-immobilien-schweiz tag-immobilienetwicklung tag-immobilienprojekte\" role=\"listitem\">\n\t\t\t<div class=\"elementor-post__card\">\n\t\t\t\t<a class=\"elementor-post__thumbnail__link\" href=\"https:\/\/staging.we-net.ch\/fr\/hypothekarzinsen-und-immobilienfinanzierung-im-kanton-zug-zahlen-trends-praxis\u2011tipps\/\" tabindex=\"-1\" target=\"_blank\"><div class=\"elementor-post__thumbnail\"><img fetchpriority=\"high\" decoding=\"async\" width=\"768\" height=\"403\" src=\"https:\/\/staging.we-net.ch\/wp-content\/uploads\/2026\/03\/13Mar-2-768x403.jpg\" class=\"attachment-medium_large size-medium_large wp-image-182247\" alt=\"\" srcset=\"https:\/\/staging.we-net.ch\/wp-content\/uploads\/2026\/03\/13Mar-2-768x403.jpg 768w, https:\/\/staging.we-net.ch\/wp-content\/uploads\/2026\/03\/13Mar-2-300x158.jpg 300w, https:\/\/staging.we-net.ch\/wp-content\/uploads\/2026\/03\/13Mar-2-1024x538.jpg 1024w, https:\/\/staging.we-net.ch\/wp-content\/uploads\/2026\/03\/13Mar-2-18x9.jpg 18w, https:\/\/staging.we-net.ch\/wp-content\/uploads\/2026\/03\/13Mar-2.jpg 1200w\" sizes=\"(max-width: 768px) 100vw, 768px\" title=\"\" \/><\/div><\/a>\n\t\t\t\t<div class=\"elementor-post__badge\">Guide pratique<\/div>\n\t\t\t\t<div class=\"elementor-post__avatar\">\n\t\t\t\t\t<\/div>\n\t\t\t\t<div class=\"elementor-post__text\">\n\t\t\t\t<h3 class=\"elementor-post__title\">\n\t\t\t<a href=\"https:\/\/staging.we-net.ch\/fr\/hypothekarzinsen-und-immobilienfinanzierung-im-kanton-zug-zahlen-trends-praxis\u2011tipps\/\" target=\"&quot;_blank&quot;\">\n\t\t\t\tTaux hypoth\u00e9caires et financement immobilier dans le canton de Zoug - Chiffres, tendances &amp; conseils pratiques\t\t\t<\/a>\n\t\t<\/h3>\n\t\t\t\t<div class=\"elementor-post__excerpt\">\n\t\t\t<p>Der Immobilienmarkt im Kanton Zug geh\u00f6rt zu den teuersten und dynamischsten in der Schweiz. Zug\t\t<\/div>\n\t\t\t\t\t<div class=\"elementor-post__read-more-wrapper\">\n\t\t\n\t\t<a class=\"elementor-post__read-more\" href=\"https:\/\/staging.we-net.ch\/fr\/hypothekarzinsen-und-immobilienfinanzierung-im-kanton-zug-zahlen-trends-praxis\u2011tipps\/\" aria-label=\"En savoir plus sur Taux hypoth\u00e9caires et financement immobilier dans le canton de Zoug - Chiffres, tendances &amp; conseils pratiques\" tabindex=\"-1\" target=\"_blank\">\n\t\t\tEn savoir plus \"\t\t<\/a>\n\n\t\t\t\t\t<\/div>\n\t\t\t\t<\/div>\n\t\t\t\t<div class=\"elementor-post__meta-data\">\n\t\t\t\t\t<span class=\"elementor-post-date\">\n\t\t\tmars 13, 2026\t\t<\/span>\n\t\t\t\t<\/div>\n\t\t\t\t\t<\/div>\n\t\t<\/article>\n\t\t\t\t<article class=\"elementor-post elementor-grid-item post-182038 post type-post status-publish format-standard has-post-thumbnail hentry category-wohntrends-in-der-schweiz tag-immobilien-schweiz tag-immobilienetwicklung tag-immobilienprojekte\" role=\"listitem\">\n\t\t\t<div class=\"elementor-post__card\">\n\t\t\t\t<a class=\"elementor-post__thumbnail__link\" href=\"https:\/\/staging.we-net.ch\/fr\/marche-suisse-de-la-location-2026-tendances-et-accessibilite\/\" tabindex=\"-1\" target=\"_blank\"><div class=\"elementor-post__thumbnail\"><img decoding=\"async\" width=\"768\" height=\"403\" src=\"https:\/\/staging.we-net.ch\/wp-content\/uploads\/2026\/03\/9Mar-1-768x403.jpg\" class=\"attachment-medium_large size-medium_large wp-image-182251\" alt=\"\" srcset=\"https:\/\/staging.we-net.ch\/wp-content\/uploads\/2026\/03\/9Mar-1-768x403.jpg 768w, https:\/\/staging.we-net.ch\/wp-content\/uploads\/2026\/03\/9Mar-1-300x158.jpg 300w, https:\/\/staging.we-net.ch\/wp-content\/uploads\/2026\/03\/9Mar-1-1024x538.jpg 1024w, https:\/\/staging.we-net.ch\/wp-content\/uploads\/2026\/03\/9Mar-1-18x9.jpg 18w, https:\/\/staging.we-net.ch\/wp-content\/uploads\/2026\/03\/9Mar-1.jpg 1200w\" sizes=\"(max-width: 768px) 100vw, 768px\" title=\"\" \/><\/div><\/a>\n\t\t\t\t<div class=\"elementor-post__badge\">Tendances en mati\u00e8re d'habitat en Suisse<\/div>\n\t\t\t\t<div class=\"elementor-post__avatar\">\n\t\t\t\t\t<\/div>\n\t\t\t\t<div class=\"elementor-post__text\">\n\t\t\t\t<h3 class=\"elementor-post__title\">\n\t\t\t<a href=\"https:\/\/staging.we-net.ch\/fr\/marche-suisse-de-la-location-2026-tendances-et-accessibilite\/\" target=\"&quot;_blank&quot;\">\n\t\t\t\tLe march\u00e9 locatif suisse en 2026 : Goulets d'\u00e9tranglement, tendances et accessibilit\u00e9\t\t\t<\/a>\n\t\t<\/h3>\n\t\t\t\t<div class=\"elementor-post__excerpt\">\n\t\t\t<p>En 2026, le march\u00e9 locatif suisse sera confront\u00e9 \u00e0 des d\u00e9fis consid\u00e9rables. Alors que les prix de l'immobilier\t\t<\/div>\n\t\t\t\t\t<div class=\"elementor-post__read-more-wrapper\">\n\t\t\n\t\t<a class=\"elementor-post__read-more\" href=\"https:\/\/staging.we-net.ch\/fr\/marche-suisse-de-la-location-2026-tendances-et-accessibilite\/\" aria-label=\"En savoir plus sur March\u00e9 locatif suisse 2026 : Goulets d&#039;\u00e9tranglement, tendances et accessibilit\u00e9\" tabindex=\"-1\" target=\"_blank\">\n\t\t\tEn savoir plus \"\t\t<\/a>\n\n\t\t\t\t\t<\/div>\n\t\t\t\t<\/div>\n\t\t\t\t<div class=\"elementor-post__meta-data\">\n\t\t\t\t\t<span class=\"elementor-post-date\">\n\t\t\tmars 9, 2026\t\t<\/span>\n\t\t\t\t<\/div>\n\t\t\t\t\t<\/div>\n\t\t<\/article>\n\t\t\t\t<article class=\"elementor-post elementor-grid-item post-181157 post type-post status-publish format-standard has-post-thumbnail hentry category-ratgeber tag-immobilien-schweiz tag-immobilienetwicklung tag-immobilienprojekte\" role=\"listitem\">\n\t\t\t<div class=\"elementor-post__card\">\n\t\t\t\t<a class=\"elementor-post__thumbnail__link\" href=\"https:\/\/staging.we-net.ch\/fr\/impot-sur-les-gains-immobiliers-dans-le-canton-de-zoug-guide-complet\/\" tabindex=\"-1\" target=\"_blank\"><div class=\"elementor-post__thumbnail\"><img decoding=\"async\" width=\"768\" height=\"401\" src=\"https:\/\/staging.we-net.ch\/wp-content\/uploads\/2026\/03\/6Mar-768x401.jpg\" class=\"attachment-medium_large size-medium_large wp-image-181162\" alt=\"\" srcset=\"https:\/\/staging.we-net.ch\/wp-content\/uploads\/2026\/03\/6Mar-768x401.jpg 768w, https:\/\/staging.we-net.ch\/wp-content\/uploads\/2026\/03\/6Mar-300x157.jpg 300w, https:\/\/staging.we-net.ch\/wp-content\/uploads\/2026\/03\/6Mar-1024x535.jpg 1024w, https:\/\/staging.we-net.ch\/wp-content\/uploads\/2026\/03\/6Mar-18x9.jpg 18w, https:\/\/staging.we-net.ch\/wp-content\/uploads\/2026\/03\/6Mar.jpg 1214w\" sizes=\"(max-width: 768px) 100vw, 768px\" title=\"\" \/><\/div><\/a>\n\t\t\t\t<div class=\"elementor-post__badge\">Guide pratique<\/div>\n\t\t\t\t<div class=\"elementor-post__avatar\">\n\t\t\t\t\t<\/div>\n\t\t\t\t<div class=\"elementor-post__text\">\n\t\t\t\t<h3 class=\"elementor-post__title\">\n\t\t\t<a href=\"https:\/\/staging.we-net.ch\/fr\/impot-sur-les-gains-immobiliers-dans-le-canton-de-zoug-guide-complet\/\" target=\"&quot;_blank&quot;\">\n\t\t\t\tImp\u00f4t sur les gains immobiliers dans le canton de Zoug - Un guide complet\t\t\t<\/a>\n\t\t<\/h3>\n\t\t\t\t<div class=\"elementor-post__excerpt\">\n\t\t\t<p>L'imp\u00f4t sur les gains immobiliers (ou imp\u00f4t sur les gains immobiliers) est un imp\u00f4t cantonal pr\u00e9lev\u00e9 lors de la vente de biens immobiliers.\t\t<\/div>\n\t\t\t\t\t<div class=\"elementor-post__read-more-wrapper\">\n\t\t\n\t\t<a class=\"elementor-post__read-more\" href=\"https:\/\/staging.we-net.ch\/fr\/impot-sur-les-gains-immobiliers-dans-le-canton-de-zoug-guide-complet\/\" aria-label=\"En savoir plus sur Imp\u00f4t sur les gains immobiliers dans le canton de Zoug - Un guide complet\" tabindex=\"-1\" target=\"_blank\">\n\t\t\tEn savoir plus \"\t\t<\/a>\n\n\t\t\t\t\t<\/div>\n\t\t\t\t<\/div>\n\t\t\t\t<div class=\"elementor-post__meta-data\">\n\t\t\t\t\t<span class=\"elementor-post-date\">\n\t\t\tmars 6, 2026\t\t<\/span>\n\t\t\t\t<\/div>\n\t\t\t\t\t<\/div>\n\t\t<\/article>\n\t\t\t\t<article class=\"elementor-post elementor-grid-item post-181130 post type-post status-publish format-standard has-post-thumbnail hentry category-immobilienmarkt-schweiz category-wohntrends-in-der-schweiz tag-immobilien-schweiz tag-immobilienetwicklung tag-immobilienprojekte\" role=\"listitem\">\n\t\t\t<div class=\"elementor-post__card\">\n\t\t\t\t<a class=\"elementor-post__thumbnail__link\" href=\"https:\/\/staging.we-net.ch\/fr\/changement-demographique-et-marche-immobilier-suisse-pourquoi-lhabitat-adapte-aux-personnes-agees-prend-de-plus-en-plus-dimportance\/\" tabindex=\"-1\" target=\"_blank\"><div class=\"elementor-post__thumbnail\"><img loading=\"lazy\" decoding=\"async\" width=\"768\" height=\"401\" src=\"https:\/\/staging.we-net.ch\/wp-content\/uploads\/2026\/03\/2Mar-2-768x401.jpg\" class=\"attachment-medium_large size-medium_large wp-image-181265\" alt=\"\" srcset=\"https:\/\/staging.we-net.ch\/wp-content\/uploads\/2026\/03\/2Mar-2-768x401.jpg 768w, https:\/\/staging.we-net.ch\/wp-content\/uploads\/2026\/03\/2Mar-2-300x157.jpg 300w, https:\/\/staging.we-net.ch\/wp-content\/uploads\/2026\/03\/2Mar-2-1024x535.jpg 1024w, https:\/\/staging.we-net.ch\/wp-content\/uploads\/2026\/03\/2Mar-2-18x9.jpg 18w, https:\/\/staging.we-net.ch\/wp-content\/uploads\/2026\/03\/2Mar-2.jpg 1215w\" sizes=\"(max-width: 768px) 100vw, 768px\" title=\"\" \/><\/div><\/a>\n\t\t\t\t<div class=\"elementor-post__badge\">March\u00e9 immobilier suisse<\/div>\n\t\t\t\t<div class=\"elementor-post__avatar\">\n\t\t\t\t\t<\/div>\n\t\t\t\t<div class=\"elementor-post__text\">\n\t\t\t\t<h3 class=\"elementor-post__title\">\n\t\t\t<a href=\"https:\/\/staging.we-net.ch\/fr\/changement-demographique-et-marche-immobilier-suisse-pourquoi-lhabitat-adapte-aux-personnes-agees-prend-de-plus-en-plus-dimportance\/\" target=\"&quot;_blank&quot;\">\n\t\t\t\tChangement d\u00e9mographique et march\u00e9 immobilier suisse : pourquoi l'habitat adapt\u00e9 aux personnes \u00e2g\u00e9es prend de plus en plus d'importance\t\t\t<\/a>\n\t\t<\/h3>\n\t\t\t\t<div class=\"elementor-post__excerpt\">\n\t\t\t<p>Le march\u00e9 immobilier suisse se trouve dans une phase de changements structurels. Alors que ces derni\u00e8res ann\u00e9es\t\t<\/div>\n\t\t\t\t\t<div class=\"elementor-post__read-more-wrapper\">\n\t\t\n\t\t<a class=\"elementor-post__read-more\" href=\"https:\/\/staging.we-net.ch\/fr\/changement-demographique-et-marche-immobilier-suisse-pourquoi-lhabitat-adapte-aux-personnes-agees-prend-de-plus-en-plus-dimportance\/\" aria-label=\"En savoir plus sur Changement d\u00e9mographique et march\u00e9 immobilier suisse : pourquoi l&#039;habitat adapt\u00e9 aux personnes \u00e2g\u00e9es gagne en importance\" tabindex=\"-1\" target=\"_blank\">\n\t\t\tEn savoir plus \"\t\t<\/a>\n\n\t\t\t\t\t<\/div>\n\t\t\t\t<\/div>\n\t\t\t\t<div class=\"elementor-post__meta-data\">\n\t\t\t\t\t<span class=\"elementor-post-date\">\n\t\t\tmars 2, 2026\t\t<\/span>\n\t\t\t\t<\/div>\n\t\t\t\t\t<\/div>\n\t\t<\/article>\n\t\t\t\t<article class=\"elementor-post elementor-grid-item post-180457 post type-post status-publish format-standard has-post-thumbnail hentry category-ratgeber category-wohntrends-in-der-schweiz tag-immobilien-schweiz tag-immobilienetwicklung tag-immobilienprojekte\" role=\"listitem\">\n\t\t\t<div class=\"elementor-post__card\">\n\t\t\t\t<a class=\"elementor-post__thumbnail__link\" href=\"https:\/\/staging.we-net.ch\/fr\/ki-va-remplacer-les-agents-immobiliers-pourquoi-lexpertise-humaine-reste-indispensable-en-suisse\/\" tabindex=\"-1\" target=\"_blank\"><div class=\"elementor-post__thumbnail\"><img loading=\"lazy\" decoding=\"async\" width=\"768\" height=\"403\" src=\"https:\/\/staging.we-net.ch\/wp-content\/uploads\/2026\/02\/27Feb-1-768x403.jpg\" class=\"attachment-medium_large size-medium_large wp-image-180673\" alt=\"\" srcset=\"https:\/\/staging.we-net.ch\/wp-content\/uploads\/2026\/02\/27Feb-1-768x403.jpg 768w, https:\/\/staging.we-net.ch\/wp-content\/uploads\/2026\/02\/27Feb-1-300x158.jpg 300w, https:\/\/staging.we-net.ch\/wp-content\/uploads\/2026\/02\/27Feb-1-1024x538.jpg 1024w, https:\/\/staging.we-net.ch\/wp-content\/uploads\/2026\/02\/27Feb-1-18x9.jpg 18w, https:\/\/staging.we-net.ch\/wp-content\/uploads\/2026\/02\/27Feb-1.jpg 1215w\" sizes=\"(max-width: 768px) 100vw, 768px\" title=\"\" \/><\/div><\/a>\n\t\t\t\t<div class=\"elementor-post__badge\">Guide pratique<\/div>\n\t\t\t\t<div class=\"elementor-post__avatar\">\n\t\t\t\t\t<\/div>\n\t\t\t\t<div class=\"elementor-post__text\">\n\t\t\t\t<h3 class=\"elementor-post__title\">\n\t\t\t<a href=\"https:\/\/staging.we-net.ch\/fr\/ki-va-remplacer-les-agents-immobiliers-pourquoi-lexpertise-humaine-reste-indispensable-en-suisse\/\" target=\"&quot;_blank&quot;\">\n\t\t\t\tL'IA va-t-elle remplacer les agents immobiliers ? Pourquoi l'expertise humaine reste indispensable en Suisse\t\t\t<\/a>\n\t\t<\/h3>\n\t\t\t\t<div class=\"elementor-post__excerpt\">\n\t\t\t<p>La num\u00e9risation et les progr\u00e8s fulgurants de l'intelligence artificielle (IA) transforment des secteurs dans le monde entier - et aussi\t\t<\/div>\n\t\t\t\t\t<div class=\"elementor-post__read-more-wrapper\">\n\t\t\n\t\t<a class=\"elementor-post__read-more\" href=\"https:\/\/staging.we-net.ch\/fr\/ki-va-remplacer-les-agents-immobiliers-pourquoi-lexpertise-humaine-reste-indispensable-en-suisse\/\" aria-label=\"En savoir plus sur L&#039;IA va-t-elle remplacer les agents immobiliers ? Pourquoi l&#039;expertise humaine reste indispensable en Suisse\" tabindex=\"-1\" target=\"_blank\">\n\t\t\tEn savoir plus \"\t\t<\/a>\n\n\t\t\t\t\t<\/div>\n\t\t\t\t<\/div>\n\t\t\t\t<div class=\"elementor-post__meta-data\">\n\t\t\t\t\t<span class=\"elementor-post-date\">\n\t\t\tf\u00e9vrier 27, 2026\t\t<\/span>\n\t\t\t\t<\/div>\n\t\t\t\t\t<\/div>\n\t\t<\/article>\n\t\t\t\t<article class=\"elementor-post elementor-grid-item post-180442 post type-post status-publish format-standard has-post-thumbnail hentry category-ratgeber category-wohntrends-in-der-schweiz tag-immobilien-schweiz tag-immobilienetwicklung tag-immobilienprojekte\" role=\"listitem\">\n\t\t\t<div class=\"elementor-post__card\">\n\t\t\t\t<a class=\"elementor-post__thumbnail__link\" href=\"https:\/\/staging.we-net.ch\/fr\/great-wealth-transfer-comment-largent-modifie-le-marche-immobilier-suisse\/\" tabindex=\"-1\" target=\"_blank\"><div class=\"elementor-post__thumbnail\"><img loading=\"lazy\" decoding=\"async\" width=\"768\" height=\"403\" src=\"https:\/\/staging.we-net.ch\/wp-content\/uploads\/2026\/02\/23Feb-1-768x403.jpg\" class=\"attachment-medium_large size-medium_large wp-image-180678\" alt=\"\" srcset=\"https:\/\/staging.we-net.ch\/wp-content\/uploads\/2026\/02\/23Feb-1-768x403.jpg 768w, https:\/\/staging.we-net.ch\/wp-content\/uploads\/2026\/02\/23Feb-1-300x157.jpg 300w, https:\/\/staging.we-net.ch\/wp-content\/uploads\/2026\/02\/23Feb-1-1024x537.jpg 1024w, https:\/\/staging.we-net.ch\/wp-content\/uploads\/2026\/02\/23Feb-1-18x9.jpg 18w, https:\/\/staging.we-net.ch\/wp-content\/uploads\/2026\/02\/23Feb-1.jpg 1213w\" sizes=\"(max-width: 768px) 100vw, 768px\" title=\"\" \/><\/div><\/a>\n\t\t\t\t<div class=\"elementor-post__badge\">Guide pratique<\/div>\n\t\t\t\t<div class=\"elementor-post__avatar\">\n\t\t\t\t\t<\/div>\n\t\t\t\t<div class=\"elementor-post__text\">\n\t\t\t\t<h3 class=\"elementor-post__title\">\n\t\t\t<a href=\"https:\/\/staging.we-net.ch\/fr\/great-wealth-transfer-comment-largent-modifie-le-marche-immobilier-suisse\/\" target=\"&quot;_blank&quot;\">\n\t\t\t\tGreat Wealth Transfer : comment l'argent modifie le march\u00e9 immobilier suisse\t\t\t<\/a>\n\t\t<\/h3>\n\t\t\t\t<div class=\"elementor-post__excerpt\">\n\t\t\t<p>Le \"Great Wealth Transfer\" - le transfert massif de patrimoine des baby-boomers \u00e0 la suivante\t\t<\/div>\n\t\t\t\t\t<div class=\"elementor-post__read-more-wrapper\">\n\t\t\n\t\t<a class=\"elementor-post__read-more\" href=\"https:\/\/staging.we-net.ch\/fr\/great-wealth-transfer-comment-largent-modifie-le-marche-immobilier-suisse\/\" aria-label=\"En savoir plus sur Great Wealth Transfer : Comment l&#039;argent modifie le march\u00e9 immobilier suisse\" tabindex=\"-1\" target=\"_blank\">\n\t\t\tEn savoir plus \"\t\t<\/a>\n\n\t\t\t\t\t<\/div>\n\t\t\t\t<\/div>\n\t\t\t\t<div class=\"elementor-post__meta-data\">\n\t\t\t\t\t<span class=\"elementor-post-date\">\n\t\t\tf\u00e9vrier 23, 2026\t\t<\/span>\n\t\t\t\t<\/div>\n\t\t\t\t\t<\/div>\n\t\t<\/article>\n\t\t\t\t<article class=\"elementor-post elementor-grid-item post-180303 post type-post status-publish format-standard has-post-thumbnail hentry category-ratgeber category-wohntrends-in-der-schweiz tag-immobilien-schweiz tag-immobilienetwicklung tag-immobilienprojekte\" role=\"listitem\">\n\t\t\t<div class=\"elementor-post__card\">\n\t\t\t\t<a class=\"elementor-post__thumbnail__link\" href=\"https:\/\/staging.we-net.ch\/fr\/green-premium-2026-augmente-reellement-lefficacite-energetique-et-la-valeur-des-biens-immobiliers-en-suisse\/\" tabindex=\"-1\" target=\"_blank\"><div class=\"elementor-post__thumbnail\"><img loading=\"lazy\" decoding=\"async\" width=\"768\" height=\"403\" src=\"https:\/\/staging.we-net.ch\/wp-content\/uploads\/2026\/02\/20Feb-768x403.jpg\" class=\"attachment-medium_large size-medium_large wp-image-180323\" alt=\"\" srcset=\"https:\/\/staging.we-net.ch\/wp-content\/uploads\/2026\/02\/20Feb-768x403.jpg 768w, https:\/\/staging.we-net.ch\/wp-content\/uploads\/2026\/02\/20Feb-300x157.jpg 300w, https:\/\/staging.we-net.ch\/wp-content\/uploads\/2026\/02\/20Feb-1024x537.jpg 1024w, https:\/\/staging.we-net.ch\/wp-content\/uploads\/2026\/02\/20Feb-18x9.jpg 18w, https:\/\/staging.we-net.ch\/wp-content\/uploads\/2026\/02\/20Feb.jpg 1211w\" sizes=\"(max-width: 768px) 100vw, 768px\" title=\"\" \/><\/div><\/a>\n\t\t\t\t<div class=\"elementor-post__badge\">Guide pratique<\/div>\n\t\t\t\t<div class=\"elementor-post__avatar\">\n\t\t\t\t\t<\/div>\n\t\t\t\t<div class=\"elementor-post__text\">\n\t\t\t\t<h3 class=\"elementor-post__title\">\n\t\t\t<a href=\"https:\/\/staging.we-net.ch\/fr\/green-premium-2026-augmente-reellement-lefficacite-energetique-et-la-valeur-des-biens-immobiliers-en-suisse\/\" target=\"&quot;_blank&quot;\">\n\t\t\t\tGreen Premium 2026 : L'efficacit\u00e9 \u00e9nerg\u00e9tique augmente-t-elle vraiment la valeur de l'immobilier en Suisse ?\t\t\t<\/a>\n\t\t<\/h3>\n\t\t\t\t<div class=\"elementor-post__excerpt\">\n\t\t\t<p>Sur le march\u00e9 immobilier suisse, la durabilit\u00e9 n'est plus une tendance, mais un facteur d'\u00e9valuation structurel. L'efficacit\u00e9 \u00e9nerg\u00e9tique influence aujourd'hui\t\t<\/div>\n\t\t\t\t\t<div class=\"elementor-post__read-more-wrapper\">\n\t\t\n\t\t<a class=\"elementor-post__read-more\" href=\"https:\/\/staging.we-net.ch\/fr\/green-premium-2026-augmente-reellement-lefficacite-energetique-et-la-valeur-des-biens-immobiliers-en-suisse\/\" aria-label=\"En savoir plus sur Green Premium 2026 : L&#039;efficacit\u00e9 \u00e9nerg\u00e9tique augmente-t-elle vraiment la valeur de l&#039;immobilier en Suisse ?\" tabindex=\"-1\" target=\"_blank\">\n\t\t\tEn savoir plus \"\t\t<\/a>\n\n\t\t\t\t\t<\/div>\n\t\t\t\t<\/div>\n\t\t\t\t<div class=\"elementor-post__meta-data\">\n\t\t\t\t\t<span class=\"elementor-post-date\">\n\t\t\tf\u00e9vrier 20, 2026\t\t<\/span>\n\t\t\t\t<\/div>\n\t\t\t\t\t<\/div>\n\t\t<\/article>\n\t\t\t\t<article class=\"elementor-post elementor-grid-item post-179836 post type-post status-publish format-standard has-post-thumbnail hentry category-immobilienmarkt-schweiz category-ratgeber category-wohntrends-in-der-schweiz tag-immobilien-schweiz tag-immobilienetwicklung tag-immobilienprojekte\" role=\"listitem\">\n\t\t\t<div class=\"elementor-post__card\">\n\t\t\t\t<a class=\"elementor-post__thumbnail__link\" href=\"https:\/\/staging.we-net.ch\/fr\/impot-sur-les-gains-immobiliers-en-suisse-une-comparaison-entre-les-cantons\/\" tabindex=\"-1\" target=\"_blank\"><div class=\"elementor-post__thumbnail\"><img loading=\"lazy\" decoding=\"async\" width=\"768\" height=\"403\" src=\"https:\/\/staging.we-net.ch\/wp-content\/uploads\/2026\/02\/16Feb-768x403.jpg\" class=\"attachment-medium_large size-medium_large wp-image-179838\" alt=\"\" srcset=\"https:\/\/staging.we-net.ch\/wp-content\/uploads\/2026\/02\/16Feb-768x403.jpg 768w, https:\/\/staging.we-net.ch\/wp-content\/uploads\/2026\/02\/16Feb-300x157.jpg 300w, https:\/\/staging.we-net.ch\/wp-content\/uploads\/2026\/02\/16Feb-1024x537.jpg 1024w, https:\/\/staging.we-net.ch\/wp-content\/uploads\/2026\/02\/16Feb-18x9.jpg 18w, https:\/\/staging.we-net.ch\/wp-content\/uploads\/2026\/02\/16Feb.jpg 1229w\" sizes=\"(max-width: 768px) 100vw, 768px\" title=\"\" \/><\/div><\/a>\n\t\t\t\t<div class=\"elementor-post__badge\">March\u00e9 immobilier suisse<\/div>\n\t\t\t\t<div class=\"elementor-post__avatar\">\n\t\t\t\t\t<\/div>\n\t\t\t\t<div class=\"elementor-post__text\">\n\t\t\t\t<h3 class=\"elementor-post__title\">\n\t\t\t<a href=\"https:\/\/staging.we-net.ch\/fr\/impot-sur-les-gains-immobiliers-en-suisse-une-comparaison-entre-les-cantons\/\" target=\"&quot;_blank&quot;\">\n\t\t\t\tImp\u00f4t sur les gains immobiliers en Suisse : une comparaison entre les cantons\t\t\t<\/a>\n\t\t<\/h3>\n\t\t\t\t<div class=\"elementor-post__excerpt\">\n\t\t\t<p>L'imp\u00f4t sur les gains immobiliers concerne toute personne qui vend un bien immobilier ou un terrain en Suisse. Il s'agit de\t\t<\/div>\n\t\t\t\t\t<div class=\"elementor-post__read-more-wrapper\">\n\t\t\n\t\t<a class=\"elementor-post__read-more\" href=\"https:\/\/staging.we-net.ch\/fr\/impot-sur-les-gains-immobiliers-en-suisse-une-comparaison-entre-les-cantons\/\" aria-label=\"En savoir plus sur L&#039;imp\u00f4t sur les gains immobiliers en Suisse : une comparaison entre les cantons\" tabindex=\"-1\" target=\"_blank\">\n\t\t\tEn savoir plus \"\t\t<\/a>\n\n\t\t\t\t\t<\/div>\n\t\t\t\t<\/div>\n\t\t\t\t<div class=\"elementor-post__meta-data\">\n\t\t\t\t\t<span class=\"elementor-post-date\">\n\t\t\tf\u00e9vrier 16, 2026\t\t<\/span>\n\t\t\t\t<\/div>\n\t\t\t\t\t<\/div>\n\t\t<\/article>\n\t\t\t\t<article class=\"elementor-post elementor-grid-item post-179180 post type-post status-publish format-standard has-post-thumbnail hentry category-immobilienmarkt-schweiz category-ratgeber category-wohntrends-in-der-schweiz tag-immobilien-schweiz tag-immobilienetwicklung tag-immobilienprojekte\" role=\"listitem\">\n\t\t\t<div class=\"elementor-post__card\">\n\t\t\t\t<a class=\"elementor-post__thumbnail__link\" href=\"https:\/\/staging.we-net.ch\/fr\/limmobilier-off-market-en-suisse-discretion-controle-et-avantage-strategique\/\" tabindex=\"-1\" target=\"_blank\"><div class=\"elementor-post__thumbnail\"><img loading=\"lazy\" decoding=\"async\" width=\"768\" height=\"405\" src=\"https:\/\/staging.we-net.ch\/wp-content\/uploads\/2026\/02\/offPage-768x405.jpg\" class=\"attachment-medium_large size-medium_large wp-image-179299\" alt=\"\" srcset=\"https:\/\/staging.we-net.ch\/wp-content\/uploads\/2026\/02\/offPage-768x405.jpg 768w, https:\/\/staging.we-net.ch\/wp-content\/uploads\/2026\/02\/offPage-300x158.jpg 300w, https:\/\/staging.we-net.ch\/wp-content\/uploads\/2026\/02\/offPage-1024x541.jpg 1024w, https:\/\/staging.we-net.ch\/wp-content\/uploads\/2026\/02\/offPage-18x10.jpg 18w, https:\/\/staging.we-net.ch\/wp-content\/uploads\/2026\/02\/offPage.jpg 1216w\" sizes=\"(max-width: 768px) 100vw, 768px\" title=\"\" \/><\/div><\/a>\n\t\t\t\t<div class=\"elementor-post__badge\">March\u00e9 immobilier suisse<\/div>\n\t\t\t\t<div class=\"elementor-post__avatar\">\n\t\t\t\t\t<\/div>\n\t\t\t\t<div class=\"elementor-post__text\">\n\t\t\t\t<h3 class=\"elementor-post__title\">\n\t\t\t<a href=\"https:\/\/staging.we-net.ch\/fr\/limmobilier-off-market-en-suisse-discretion-controle-et-avantage-strategique\/\" target=\"&quot;_blank&quot;\">\n\t\t\t\tL'immobilier off-market en Suisse - Discr\u00e9tion, contr\u00f4le et avantage strat\u00e9gique\t\t\t<\/a>\n\t\t<\/h3>\n\t\t\t\t<div class=\"elementor-post__excerpt\">\n\t\t\t<p>En tant qu'agence immobili\u00e8re exp\u00e9riment\u00e9e, nous savons que la pr\u00e9sence visible et cibl\u00e9e est un facteur d\u00e9cisif pour le\t\t<\/div>\n\t\t\t\t\t<div class=\"elementor-post__read-more-wrapper\">\n\t\t\n\t\t<a class=\"elementor-post__read-more\" href=\"https:\/\/staging.we-net.ch\/fr\/limmobilier-off-market-en-suisse-discretion-controle-et-avantage-strategique\/\" aria-label=\"En savoir plus sur L&#039;immobilier hors march\u00e9 en Suisse - Discr\u00e9tion, contr\u00f4le et avantage strat\u00e9gique\" tabindex=\"-1\" target=\"_blank\">\n\t\t\tEn savoir plus \"\t\t<\/a>\n\n\t\t\t\t\t<\/div>\n\t\t\t\t<\/div>\n\t\t\t\t<div class=\"elementor-post__meta-data\">\n\t\t\t\t\t<span class=\"elementor-post-date\">\n\t\t\tf\u00e9vrier 12, 2026\t\t<\/span>\n\t\t\t\t<\/div>\n\t\t\t\t\t<\/div>\n\t\t<\/article>\n\t\t\t\t<article class=\"elementor-post elementor-grid-item post-178996 post type-post status-publish format-standard has-post-thumbnail hentry category-immobilienmarkt-schweiz category-ratgeber category-wohntrends-in-der-schweiz tag-immobilien-schweiz tag-immobilienetwicklung tag-immobilienprojekte\" role=\"listitem\">\n\t\t\t<div class=\"elementor-post__card\">\n\t\t\t\t<a class=\"elementor-post__thumbnail__link\" href=\"https:\/\/staging.we-net.ch\/fr\/limmobilier-sur-le-marche-en-suisse-opportunites-et-defis\/\" tabindex=\"-1\" target=\"_blank\"><div class=\"elementor-post__thumbnail\"><img loading=\"lazy\" decoding=\"async\" width=\"768\" height=\"403\" src=\"https:\/\/staging.we-net.ch\/wp-content\/uploads\/2026\/02\/ratgeber1-768x403.jpg\" class=\"attachment-medium_large size-medium_large wp-image-179056\" alt=\"\" srcset=\"https:\/\/staging.we-net.ch\/wp-content\/uploads\/2026\/02\/ratgeber1-768x403.jpg 768w, https:\/\/staging.we-net.ch\/wp-content\/uploads\/2026\/02\/ratgeber1-300x157.jpg 300w, https:\/\/staging.we-net.ch\/wp-content\/uploads\/2026\/02\/ratgeber1-1024x537.jpg 1024w, https:\/\/staging.we-net.ch\/wp-content\/uploads\/2026\/02\/ratgeber1-18x9.jpg 18w, https:\/\/staging.we-net.ch\/wp-content\/uploads\/2026\/02\/ratgeber1.jpg 1212w\" sizes=\"(max-width: 768px) 100vw, 768px\" title=\"\" \/><\/div><\/a>\n\t\t\t\t<div class=\"elementor-post__badge\">March\u00e9 immobilier suisse<\/div>\n\t\t\t\t<div class=\"elementor-post__avatar\">\n\t\t\t\t\t<\/div>\n\t\t\t\t<div class=\"elementor-post__text\">\n\t\t\t\t<h3 class=\"elementor-post__title\">\n\t\t\t<a href=\"https:\/\/staging.we-net.ch\/fr\/limmobilier-sur-le-marche-en-suisse-opportunites-et-defis\/\" target=\"&quot;_blank&quot;\">\n\t\t\t\tL'immobilier sur le march\u00e9 en Suisse - Opportunit\u00e9s et d\u00e9fis\t\t\t<\/a>\n\t\t<\/h3>\n\t\t\t\t<div class=\"elementor-post__excerpt\">\n\t\t\t<p>En tant qu'agence immobili\u00e8re exp\u00e9riment\u00e9e, nous savons que la pr\u00e9sence visible et cibl\u00e9e est un facteur d\u00e9cisif pour le\t\t<\/div>\n\t\t\t\t\t<div class=\"elementor-post__read-more-wrapper\">\n\t\t\n\t\t<a class=\"elementor-post__read-more\" href=\"https:\/\/staging.we-net.ch\/fr\/limmobilier-sur-le-marche-en-suisse-opportunites-et-defis\/\" aria-label=\"En savoir plus sur L&#039;immobilier sur le march\u00e9 en Suisse - Opportunit\u00e9s et d\u00e9fis\" tabindex=\"-1\" target=\"_blank\">\n\t\t\tEn savoir plus \"\t\t<\/a>\n\n\t\t\t\t\t<\/div>\n\t\t\t\t<\/div>\n\t\t\t\t<div class=\"elementor-post__meta-data\">\n\t\t\t\t\t<span class=\"elementor-post-date\">\n\t\t\tf\u00e9vrier 10, 2026\t\t<\/span>\n\t\t\t\t<\/div>\n\t\t\t\t\t<\/div>\n\t\t<\/article>\n\t\t\t\t<article class=\"elementor-post elementor-grid-item post-178950 post type-post status-publish format-standard has-post-thumbnail hentry category-immobilienmarkt-schweiz category-ratgeber category-wohntrends-in-der-schweiz tag-immobilien-schweiz tag-immobilienetwicklung tag-immobilienprojekte\" role=\"listitem\">\n\t\t\t<div class=\"elementor-post__card\">\n\t\t\t\t<a class=\"elementor-post__thumbnail__link\" href=\"https:\/\/staging.we-net.ch\/fr\/commercialisation-reussie-de-biens-immobiliers-avec-wenet-ag-et-newhome-a-vos-cotes\/\" tabindex=\"-1\" target=\"_blank\"><div class=\"elementor-post__thumbnail\"><img loading=\"lazy\" decoding=\"async\" width=\"768\" height=\"403\" src=\"https:\/\/staging.we-net.ch\/wp-content\/uploads\/2026\/02\/09Feb-768x403.jpg\" class=\"attachment-medium_large size-medium_large wp-image-178952\" alt=\"\" srcset=\"https:\/\/staging.we-net.ch\/wp-content\/uploads\/2026\/02\/09Feb-768x403.jpg 768w, https:\/\/staging.we-net.ch\/wp-content\/uploads\/2026\/02\/09Feb-300x157.jpg 300w, https:\/\/staging.we-net.ch\/wp-content\/uploads\/2026\/02\/09Feb-1024x537.jpg 1024w, https:\/\/staging.we-net.ch\/wp-content\/uploads\/2026\/02\/09Feb-18x9.jpg 18w, https:\/\/staging.we-net.ch\/wp-content\/uploads\/2026\/02\/09Feb.jpg 1227w\" sizes=\"(max-width: 768px) 100vw, 768px\" title=\"\" \/><\/div><\/a>\n\t\t\t\t<div class=\"elementor-post__badge\">March\u00e9 immobilier suisse<\/div>\n\t\t\t\t<div class=\"elementor-post__avatar\">\n\t\t\t\t\t<\/div>\n\t\t\t\t<div class=\"elementor-post__text\">\n\t\t\t\t<h3 class=\"elementor-post__title\">\n\t\t\t<a href=\"https:\/\/staging.we-net.ch\/fr\/commercialisation-reussie-de-biens-immobiliers-avec-wenet-ag-et-newhome-a-vos-cotes\/\" target=\"&quot;_blank&quot;\">\n\t\t\t\tCommercialiser des biens immobiliers avec succ\u00e8s - Avec WENET AG et newhome \u00e0 vos c\u00f4t\u00e9s\t\t\t<\/a>\n\t\t<\/h3>\n\t\t\t\t<div class=\"elementor-post__excerpt\">\n\t\t\t<p>En tant qu'agence immobili\u00e8re exp\u00e9riment\u00e9e, nous savons que la pr\u00e9sence visible et cibl\u00e9e est un facteur d\u00e9cisif pour le\t\t<\/div>\n\t\t\t\t\t<div class=\"elementor-post__read-more-wrapper\">\n\t\t\n\t\t<a class=\"elementor-post__read-more\" href=\"https:\/\/staging.we-net.ch\/fr\/commercialisation-reussie-de-biens-immobiliers-avec-wenet-ag-et-newhome-a-vos-cotes\/\" aria-label=\"En savoir plus sur Commercialiser des biens immobiliers avec succ\u00e8s - Avec WENET AG et newhome \u00e0 vos c\u00f4t\u00e9s\" tabindex=\"-1\" target=\"_blank\">\n\t\t\tEn savoir plus \"\t\t<\/a>\n\n\t\t\t\t\t<\/div>\n\t\t\t\t<\/div>\n\t\t\t\t<div class=\"elementor-post__meta-data\">\n\t\t\t\t\t<span class=\"elementor-post-date\">\n\t\t\tf\u00e9vrier 9, 2026\t\t<\/span>\n\t\t\t\t<\/div>\n\t\t\t\t\t<\/div>\n\t\t<\/article>\n\t\t\t\t<article class=\"elementor-post elementor-grid-item post-178068 post type-post status-publish format-standard has-post-thumbnail hentry category-immobilienmarkt-schweiz category-ratgeber category-wohntrends-in-der-schweiz tag-immobilien-schweiz tag-immobilienetwicklung tag-immobilienprojekte\" role=\"listitem\">\n\t\t\t<div class=\"elementor-post__card\">\n\t\t\t\t<a class=\"elementor-post__thumbnail__link\" href=\"https:\/\/staging.we-net.ch\/fr\/marche-hypothecaire-2026-changement-structurel-stabilisation-et-opportunites-strategiques\/\" tabindex=\"-1\" target=\"_blank\"><div class=\"elementor-post__thumbnail\"><img loading=\"lazy\" decoding=\"async\" width=\"768\" height=\"404\" src=\"https:\/\/staging.we-net.ch\/wp-content\/uploads\/2026\/02\/hypothekarmarkt2026-768x404.jpg\" class=\"attachment-medium_large size-medium_large wp-image-178070\" alt=\"\" srcset=\"https:\/\/staging.we-net.ch\/wp-content\/uploads\/2026\/02\/hypothekarmarkt2026-768x404.jpg 768w, https:\/\/staging.we-net.ch\/wp-content\/uploads\/2026\/02\/hypothekarmarkt2026-300x158.jpg 300w, https:\/\/staging.we-net.ch\/wp-content\/uploads\/2026\/02\/hypothekarmarkt2026-1024x538.jpg 1024w, https:\/\/staging.we-net.ch\/wp-content\/uploads\/2026\/02\/hypothekarmarkt2026-18x9.jpg 18w, https:\/\/staging.we-net.ch\/wp-content\/uploads\/2026\/02\/hypothekarmarkt2026.jpg 1231w\" sizes=\"(max-width: 768px) 100vw, 768px\" title=\"\" \/><\/div><\/a>\n\t\t\t\t<div class=\"elementor-post__badge\">March\u00e9 immobilier suisse<\/div>\n\t\t\t\t<div class=\"elementor-post__avatar\">\n\t\t\t\t\t<\/div>\n\t\t\t\t<div class=\"elementor-post__text\">\n\t\t\t\t<h3 class=\"elementor-post__title\">\n\t\t\t<a href=\"https:\/\/staging.we-net.ch\/fr\/marche-hypothecaire-2026-changement-structurel-stabilisation-et-opportunites-strategiques\/\" target=\"&quot;_blank&quot;\">\n\t\t\t\tLe march\u00e9 hypoth\u00e9caire en 2026 : Changement structurel, stabilisation et opportunit\u00e9s strat\u00e9giques\t\t\t<\/a>\n\t\t<\/h3>\n\t\t\t\t<div class=\"elementor-post__excerpt\">\n\t\t\t<p>Apr\u00e8s des ann\u00e9es de mesures exceptionnelles de politique mon\u00e9taire, le march\u00e9 hypoth\u00e9caire se trouve en 2026 dans une phase\t\t<\/div>\n\t\t\t\t\t<div class=\"elementor-post__read-more-wrapper\">\n\t\t\n\t\t<a class=\"elementor-post__read-more\" href=\"https:\/\/staging.we-net.ch\/fr\/marche-hypothecaire-2026-changement-structurel-stabilisation-et-opportunites-strategiques\/\" aria-label=\"En savoir plus sur March\u00e9 hypoth\u00e9caire 2026 : Changement structurel, stabilisation et opportunit\u00e9s strat\u00e9giques\" tabindex=\"-1\" target=\"_blank\">\n\t\t\tEn savoir plus \"\t\t<\/a>\n\n\t\t\t\t\t<\/div>\n\t\t\t\t<\/div>\n\t\t\t\t<div class=\"elementor-post__meta-data\">\n\t\t\t\t\t<span class=\"elementor-post-date\">\n\t\t\tf\u00e9vrier 2, 2026\t\t<\/span>\n\t\t\t\t<\/div>\n\t\t\t\t\t<\/div>\n\t\t<\/article>\n\t\t\t\t<\/div>\n\t\t\n\t\t\t\t<div class=\"e-load-more-anchor\" data-page=\"1\" data-max-page=\"12\" data-next-page=\"https:\/\/staging.we-net.ch\/fr\/?e-page-2363000=2\"><\/div>\n\t\t\t\t<nav class=\"elementor-pagination\" aria-label=\"Pagination\">\n\t\t\t<span class=\"page-numbers prev\">\" Page pr\u00e9c\u00e9dente<\/span>\n<span aria-current=\"page\" class=\"page-numbers current\"><span class=\"elementor-screen-only\">Page<\/span>1<\/span>\n<a class=\"page-numbers\" href=\"https:\/\/staging.we-net.ch\/fr\/wp-json\/wp\/v2\/pages\/174717\/?e-page-2363000=2\"><span class=\"elementor-screen-only\">Page<\/span>2<\/a>\n<a class=\"page-numbers\" href=\"https:\/\/staging.we-net.ch\/fr\/wp-json\/wp\/v2\/pages\/174717\/?e-page-2363000=3\"><span class=\"elementor-screen-only\">Page<\/span>3<\/a>\n<a class=\"page-numbers\" href=\"https:\/\/staging.we-net.ch\/fr\/wp-json\/wp\/v2\/pages\/174717\/?e-page-2363000=4\"><span class=\"elementor-screen-only\">Page<\/span>4<\/a>\n<a class=\"page-numbers\" href=\"https:\/\/staging.we-net.ch\/fr\/wp-json\/wp\/v2\/pages\/174717\/?e-page-2363000=5\"><span class=\"elementor-screen-only\">Page<\/span>5<\/a>\n<a class=\"page-numbers\" href=\"https:\/\/staging.we-net.ch\/fr\/wp-json\/wp\/v2\/pages\/174717\/?e-page-2363000=6\"><span class=\"elementor-screen-only\">Page<\/span>6<\/a>\n<a class=\"page-numbers\" href=\"https:\/\/staging.we-net.ch\/fr\/wp-json\/wp\/v2\/pages\/174717\/?e-page-2363000=7\"><span class=\"elementor-screen-only\">Page<\/span>7<\/a>\n<a class=\"page-numbers\" href=\"https:\/\/staging.we-net.ch\/fr\/wp-json\/wp\/v2\/pages\/174717\/?e-page-2363000=8\"><span class=\"elementor-screen-only\">Page<\/span>8<\/a>\n<a class=\"page-numbers\" href=\"https:\/\/staging.we-net.ch\/fr\/wp-json\/wp\/v2\/pages\/174717\/?e-page-2363000=9\"><span class=\"elementor-screen-only\">Page<\/span>9<\/a>\n<a class=\"page-numbers\" href=\"https:\/\/staging.we-net.ch\/fr\/wp-json\/wp\/v2\/pages\/174717\/?e-page-2363000=10\"><span class=\"elementor-screen-only\">Page<\/span>10<\/a>\n<a class=\"page-numbers\" href=\"https:\/\/staging.we-net.ch\/fr\/wp-json\/wp\/v2\/pages\/174717\/?e-page-2363000=11\"><span class=\"elementor-screen-only\">Page<\/span>11<\/a>\n<a class=\"page-numbers\" href=\"https:\/\/staging.we-net.ch\/fr\/wp-json\/wp\/v2\/pages\/174717\/?e-page-2363000=12\"><span class=\"elementor-screen-only\">Page<\/span>12<\/a>\n<a class=\"page-numbers next\" href=\"https:\/\/staging.we-net.ch\/fr\/?e-page-2363000=2\">Page suivante \"<\/a>\t\t<\/nav>\n\t\t\t\t\t\t<\/div>\n\t\t\t\t<\/div>\n\t\t\t\t\t<\/div>\n\t\t\t\t<\/div>\n\t\t\t\t<\/div>","protected":false},"excerpt":{"rendered":"<p>Actualit\u00e9s du secteur immobilier Dans ce journal en ligne de WENET AG, vous trouverez nos actualit\u00e9s du secteur immobilier sur des th\u00e8mes sp\u00e9cifiques ou g\u00e9n\u00e9raux - pour notre communaut\u00e9 de lecteurs et notre fid\u00e8le lectorat. Si nous avons oubli\u00e9 quelque chose ou si nous n'avons pas abord\u00e9 un sujet de mani\u00e8re suffisamment d\u00e9taill\u00e9e, nous serions heureux de recevoir vos remarques. Nous vous souhaitons une bonne lecture.<\/p>","protected":false},"author":9039,"featured_media":0,"parent":0,"menu_order":0,"comment_status":"closed","ping_status":"closed","template":"","meta":{"_acf_changed":false,"_rtcl_gb_attr":"","inline_featured_image":false,"footnotes":""},"folder":[13317],"class_list":["post-174717","page","type-page","status-publish","hentry"],"acf":[],"yoast_head":"<!-- This site is optimized with the Yoast SEO Premium plugin v24.2 (Yoast SEO v27.1.1) - https:\/\/yoast.com\/product\/yoast-seo-premium-wordpress\/ -->\n<title>Immobilien Ratgeber f\u00fcr K\u00e4ufer und Verk\u00e4ufer \u2013 WENET AG<\/title>\n<meta name=\"description\" content=\"Alles, was Sie rund um Immobilien in der Schweiz wissen m\u00fcssen \u2013 verst\u00e4ndlich erkl\u00e4rt f\u00fcr K\u00e4ufer, Verk\u00e4ufer und Vermietende.\" \/>\n<meta name=\"robots\" content=\"index, follow, max-snippet:-1, max-image-preview:large, max-video-preview:-1\" \/>\n<link rel=\"canonical\" href=\"https:\/\/we-net.ch\/ratgeber\/\" \/>\n<meta property=\"og:locale\" content=\"fr_FR\" \/>\n<meta property=\"og:type\" content=\"article\" \/>\n<meta property=\"og:title\" content=\"Ratgeber\" \/>\n<meta property=\"og:description\" content=\"Alles, was Sie rund um Immobilien in der Schweiz wissen m\u00fcssen \u2013 verst\u00e4ndlich erkl\u00e4rt f\u00fcr K\u00e4ufer, Verk\u00e4ufer und Vermietende.\" \/>\n<meta property=\"og:url\" content=\"https:\/\/we-net.ch\/ratgeber\/\" \/>\n<meta property=\"og:site_name\" content=\"WENET AG\" \/>\n<meta property=\"article:modified_time\" content=\"2026-03-12T09:58:16+00:00\" \/>\n<meta property=\"og:image\" content=\"https:\/\/staging.we-net.ch\/wp-content\/uploads\/2024\/11\/watermark2.png\" \/>\n\t<meta property=\"og:image:width\" content=\"800\" \/>\n\t<meta property=\"og:image:height\" content=\"107\" \/>\n\t<meta property=\"og:image:type\" content=\"image\/png\" \/>\n<meta name=\"twitter:card\" content=\"summary_large_image\" \/>\n<meta name=\"twitter:label1\" content=\"Dur\u00e9e de lecture estim\u00e9e\" \/>\n\t<meta name=\"twitter:data1\" content=\"5 minutes\" \/>\n<!-- \/ Yoast SEO Premium plugin. -->","yoast_head_json":{"title":"Guide de l'immobilier pour acheteurs et vendeurs - WENET AG","description":"Tout ce que vous devez savoir sur l'immobilier en Suisse - expliqu\u00e9 de mani\u00e8re compr\u00e9hensible pour les acheteurs, les vendeurs et les bailleurs.","robots":{"index":"index","follow":"follow","max-snippet":"max-snippet:-1","max-image-preview":"max-image-preview:large","max-video-preview":"max-video-preview:-1"},"canonical":"https:\/\/we-net.ch\/ratgeber\/","og_locale":"fr_FR","og_type":"article","og_title":"Ratgeber","og_description":"Alles, was Sie rund um Immobilien in der Schweiz wissen m\u00fcssen \u2013 verst\u00e4ndlich erkl\u00e4rt f\u00fcr K\u00e4ufer, Verk\u00e4ufer und Vermietende.","og_url":"https:\/\/we-net.ch\/ratgeber\/","og_site_name":"WENET AG","article_modified_time":"2026-03-12T09:58:16+00:00","og_image":[{"width":800,"height":107,"url":"https:\/\/staging.we-net.ch\/wp-content\/uploads\/2024\/11\/watermark2.png","type":"image\/png"}],"twitter_card":"summary_large_image","twitter_misc":{"Dur\u00e9e de lecture estim\u00e9e":"5 minutes"},"schema":{"@context":"https:\/\/schema.org","@graph":[{"@type":"WebPage","@id":"https:\/\/we-net.ch\/ratgeber\/","url":"https:\/\/we-net.ch\/ratgeber\/","name":"Guide de l'immobilier pour acheteurs et vendeurs - WENET AG","isPartOf":{"@id":"https:\/\/we-net.ch\/#website"},"datePublished":"2026-01-12T09:46:09+00:00","dateModified":"2026-03-12T09:58:16+00:00","description":"Tout ce que vous devez savoir sur l'immobilier en Suisse - expliqu\u00e9 de mani\u00e8re compr\u00e9hensible pour les acheteurs, les vendeurs et les bailleurs.","breadcrumb":{"@id":"https:\/\/we-net.ch\/ratgeber\/#breadcrumb"},"inLanguage":"fr-FR","potentialAction":[{"@type":"ReadAction","target":["https:\/\/we-net.ch\/ratgeber\/"]}]},{"@type":"BreadcrumbList","@id":"https:\/\/we-net.ch\/ratgeber\/#breadcrumb","itemListElement":[{"@type":"ListItem","position":1,"name":"Startseite","item":"https:\/\/we-net.ch\/"},{"@type":"ListItem","position":2,"name":"Ratgeber"}]},{"@type":"WebSite","@id":"https:\/\/we-net.ch\/#website","url":"https:\/\/we-net.ch\/","name":"WENET AG","description":"Immobilier","publisher":{"@id":"https:\/\/we-net.ch\/#organization"},"potentialAction":[{"@type":"SearchAction","target":{"@type":"EntryPoint","urlTemplate":"https:\/\/we-net.ch\/?s={search_term_string}"},"query-input":{"@type":"PropertyValueSpecification","valueRequired":true,"valueName":"search_term_string"}}],"inLanguage":"fr-FR"},{"@type":"Organization","@id":"https:\/\/we-net.ch\/#organization","name":"WENET AG","url":"https:\/\/we-net.ch\/","logo":{"@type":"ImageObject","inLanguage":"fr-FR","@id":"https:\/\/we-net.ch\/#\/schema\/logo\/image\/","url":"https:\/\/we-net.ch\/wp-content\/uploads\/2024\/11\/watermark2.png","contentUrl":"https:\/\/we-net.ch\/wp-content\/uploads\/2024\/11\/watermark2.png","width":800,"height":107,"caption":"WENET AG"},"image":{"@id":"https:\/\/we-net.ch\/#\/schema\/logo\/image\/"}}]}},"_links":{"self":[{"href":"https:\/\/staging.we-net.ch\/fr\/wp-json\/wp\/v2\/pages\/174717","targetHints":{"allow":["GET"]}}],"collection":[{"href":"https:\/\/staging.we-net.ch\/fr\/wp-json\/wp\/v2\/pages"}],"about":[{"href":"https:\/\/staging.we-net.ch\/fr\/wp-json\/wp\/v2\/types\/page"}],"author":[{"embeddable":true,"href":"https:\/\/staging.we-net.ch\/fr\/wp-json\/wp\/v2\/users\/9039"}],"replies":[{"embeddable":true,"href":"https:\/\/staging.we-net.ch\/fr\/wp-json\/wp\/v2\/comments?post=174717"}],"version-history":[{"count":26,"href":"https:\/\/staging.we-net.ch\/fr\/wp-json\/wp\/v2\/pages\/174717\/revisions"}],"predecessor-version":[{"id":182450,"href":"https:\/\/staging.we-net.ch\/fr\/wp-json\/wp\/v2\/pages\/174717\/revisions\/182450"}],"wp:attachment":[{"href":"https:\/\/staging.we-net.ch\/fr\/wp-json\/wp\/v2\/media?parent=174717"}],"wp:term":[{"taxonomy":"folder","embeddable":true,"href":"https:\/\/staging.we-net.ch\/fr\/wp-json\/wp\/v2\/folder?post=174717"}],"curies":[{"name":"wp","href":"https:\/\/api.w.org\/{rel}","templated":true}]}}