{"id":174717,"date":"2026-01-12T10:46:09","date_gmt":"2026-01-12T09:46:09","guid":{"rendered":"https:\/\/we-net.ch\/?page_id=174717"},"modified":"2026-03-12T10:58:16","modified_gmt":"2026-03-12T09:58:16","slug":"asesor","status":"publish","type":"page","link":"https:\/\/staging.we-net.ch\/es\/asesor\/","title":{"rendered":"Asesor"},"content":{"rendered":"<div data-elementor-type=\"wp-page\" data-elementor-id=\"174717\" class=\"elementor elementor-174717\" data-elementor-post-type=\"page\">\n\t\t\t\t<div class=\"elementor-element elementor-element-7e9b5fe e-flex e-con-boxed e-con e-parent\" data-id=\"7e9b5fe\" data-element_type=\"container\" data-e-type=\"container\" data-settings=\"{&quot;background_background&quot;:&quot;classic&quot;}\">\n\t\t\t\t\t<div class=\"e-con-inner\">\n\t\t<div class=\"elementor-element elementor-element-6fc1163 e-con-full e-flex e-con e-child\" data-id=\"6fc1163\" data-element_type=\"container\" data-e-type=\"container\" data-settings=\"{&quot;background_background&quot;:&quot;classic&quot;}\">\n\t\t<div class=\"elementor-element elementor-element-cb7a4db e-con-full e-flex e-con e-child\" data-id=\"cb7a4db\" data-element_type=\"container\" data-e-type=\"container\">\n\t\t\t\t<div class=\"elementor-element elementor-element-070dd54 elementor-widget elementor-widget-heading\" data-id=\"070dd54\" data-element_type=\"widget\" data-e-type=\"widget\" data-widget_type=\"heading.default\">\n\t\t\t\t<div class=\"elementor-widget-container\">\n\t\t\t\t\t<h1 class=\"elementor-heading-title elementor-size-default\">\u00daltimas noticias del sector inmobiliario<\/h1>\t\t\t\t<\/div>\n\t\t\t\t<\/div>\n\t\t\t\t<\/div>\n\t\t\t\t<\/div>\n\t\t\t\t\t<\/div>\n\t\t\t\t<\/div>\n\t\t<div class=\"elementor-element elementor-element-35cd5ee e-flex e-con-boxed e-con e-parent\" data-id=\"35cd5ee\" data-element_type=\"container\" data-e-type=\"container\">\n\t\t\t\t\t<div class=\"e-con-inner\">\n\t\t\t\t<div class=\"elementor-element elementor-element-91d9aca elementor-widget elementor-widget-heading\" data-id=\"91d9aca\" data-element_type=\"widget\" data-e-type=\"widget\" data-widget_type=\"heading.default\">\n\t\t\t\t<div class=\"elementor-widget-container\">\n\t\t\t\t\t<p class=\"elementor-heading-title elementor-size-default\">En esta revista en l\u00ednea de WENET AG encontrar\u00e1 nuestras noticias del sector inmobiliario sobre temas espec\u00edficos o generales, destinadas a nuestra comunidad de lectores y fieles lectores. Si hemos pasado algo por alto o no hemos profundizado lo suficiente en alg\u00fan tema, estaremos encantados de que nos lo comunique. Disfrute de la lectura y esperamos sus noticias. Disfrute de nuestros art\u00edculos, ideas y aportaciones para casa, en persona o en movimiento y benef\u00edciese de los conocimientos que hemos recopilado, empaquetados por su socio inmobiliario WENET AG.\n<\/p>\t\t\t\t<\/div>\n\t\t\t\t<\/div>\n\t\t\t\t\t<\/div>\n\t\t\t\t<\/div>\n\t\t<div class=\"elementor-element elementor-element-786fe6f e-flex e-con-boxed e-con e-parent\" data-id=\"786fe6f\" data-element_type=\"container\" data-e-type=\"container\">\n\t\t\t\t\t<div class=\"e-con-inner\">\n\t\t\t\t<div class=\"elementor-element elementor-element-2363000 elementor-posts--align-left elementor-grid-3 elementor-grid-tablet-2 elementor-grid-mobile-1 elementor-posts--thumbnail-top elementor-posts--show-avatar elementor-card-shadow-yes elementor-posts__hover-gradient elementor-widget elementor-widget-posts\" data-id=\"2363000\" data-element_type=\"widget\" data-e-type=\"widget\" data-settings=\"{&quot;pagination_type&quot;:&quot;numbers_and_prev_next&quot;,&quot;cards_columns&quot;:&quot;3&quot;,&quot;cards_columns_tablet&quot;:&quot;2&quot;,&quot;cards_columns_mobile&quot;:&quot;1&quot;,&quot;cards_row_gap&quot;:{&quot;unit&quot;:&quot;px&quot;,&quot;size&quot;:35,&quot;sizes&quot;:[]},&quot;cards_row_gap_laptop&quot;:{&quot;unit&quot;:&quot;px&quot;,&quot;size&quot;:&quot;&quot;,&quot;sizes&quot;:[]},&quot;cards_row_gap_tablet_extra&quot;:{&quot;unit&quot;:&quot;px&quot;,&quot;size&quot;:&quot;&quot;,&quot;sizes&quot;:[]},&quot;cards_row_gap_tablet&quot;:{&quot;unit&quot;:&quot;px&quot;,&quot;size&quot;:&quot;&quot;,&quot;sizes&quot;:[]},&quot;cards_row_gap_mobile_extra&quot;:{&quot;unit&quot;:&quot;px&quot;,&quot;size&quot;:&quot;&quot;,&quot;sizes&quot;:[]},&quot;cards_row_gap_mobile&quot;:{&quot;unit&quot;:&quot;px&quot;,&quot;size&quot;:&quot;&quot;,&quot;sizes&quot;:[]}}\" data-widget_type=\"posts.cards\">\n\t\t\t\t<div class=\"elementor-widget-container\">\n\t\t\t\t\t\t\t<div class=\"elementor-posts-container elementor-posts elementor-posts--skin-cards elementor-grid\" role=\"list\">\n\t\t\t\t<article class=\"elementor-post elementor-grid-item post-182076 post type-post status-publish format-standard has-post-thumbnail hentry category-ratgeber tag-immobilien-schweiz tag-immobilienetwicklung tag-immobilienprojekte\" role=\"listitem\">\n\t\t\t<div class=\"elementor-post__card\">\n\t\t\t\t<a class=\"elementor-post__thumbnail__link\" href=\"https:\/\/staging.we-net.ch\/es\/hypothekarzinsen-und-immobilienfinanzierung-im-kanton-zug-zahlen-trends-praxis\u2011tipps\/\" tabindex=\"-1\" target=\"_blank\"><div class=\"elementor-post__thumbnail\"><img fetchpriority=\"high\" decoding=\"async\" width=\"768\" height=\"403\" src=\"https:\/\/staging.we-net.ch\/wp-content\/uploads\/2026\/03\/13Mar-2-768x403.jpg\" class=\"attachment-medium_large size-medium_large wp-image-182247\" alt=\"\" srcset=\"https:\/\/staging.we-net.ch\/wp-content\/uploads\/2026\/03\/13Mar-2-768x403.jpg 768w, https:\/\/staging.we-net.ch\/wp-content\/uploads\/2026\/03\/13Mar-2-300x158.jpg 300w, https:\/\/staging.we-net.ch\/wp-content\/uploads\/2026\/03\/13Mar-2-1024x538.jpg 1024w, https:\/\/staging.we-net.ch\/wp-content\/uploads\/2026\/03\/13Mar-2-18x9.jpg 18w, https:\/\/staging.we-net.ch\/wp-content\/uploads\/2026\/03\/13Mar-2.jpg 1200w\" sizes=\"(max-width: 768px) 100vw, 768px\" title=\"\" \/><\/div><\/a>\n\t\t\t\t<div class=\"elementor-post__badge\">Asesor<\/div>\n\t\t\t\t<div class=\"elementor-post__avatar\">\n\t\t\t\t\t<\/div>\n\t\t\t\t<div class=\"elementor-post__text\">\n\t\t\t\t<h3 class=\"elementor-post__title\">\n\t\t\t<a href=\"https:\/\/staging.we-net.ch\/es\/hypothekarzinsen-und-immobilienfinanzierung-im-kanton-zug-zahlen-trends-praxis\u2011tipps\/\" target=\"&quot;_blank&quot;\">\n\t\t\t\tTipos de inter\u00e9s hipotecarios y financiaci\u00f3n inmobiliaria en el cant\u00f3n de Zug: cifras, tendencias y consejos pr\u00e1cticos\t\t\t<\/a>\n\t\t<\/h3>\n\t\t\t\t<div class=\"elementor-post__excerpt\">\n\t\t\t<p>Der Immobilienmarkt im Kanton Zug geh\u00f6rt zu den teuersten und dynamischsten in der Schweiz. Zug\t\t<\/div>\n\t\t\t\t\t<div class=\"elementor-post__read-more-wrapper\">\n\t\t\n\t\t<a class=\"elementor-post__read-more\" href=\"https:\/\/staging.we-net.ch\/es\/hypothekarzinsen-und-immobilienfinanzierung-im-kanton-zug-zahlen-trends-praxis\u2011tipps\/\" aria-label=\"M\u00e1s informaci\u00f3n sobre Hypothekarzinsen und Immobilienfinanzierung im Kanton Zug \u2013 Zahlen, Trends &#038; Praxis\u2011Tipps\" tabindex=\"-1\" target=\"_blank\">\n\t\t\tM\u00e1s informaci\u00f3n \"\t\t<\/a>\n\n\t\t\t\t\t<\/div>\n\t\t\t\t<\/div>\n\t\t\t\t<div class=\"elementor-post__meta-data\">\n\t\t\t\t\t<span class=\"elementor-post-date\">\n\t\t\tmarzo 13, 2026\t\t<\/span>\n\t\t\t\t<\/div>\n\t\t\t\t\t<\/div>\n\t\t<\/article>\n\t\t\t\t<article class=\"elementor-post elementor-grid-item post-182038 post type-post status-publish format-standard has-post-thumbnail hentry category-wohntrends-in-der-schweiz tag-immobilien-schweiz tag-immobilienetwicklung tag-immobilienprojekte\" role=\"listitem\">\n\t\t\t<div class=\"elementor-post__card\">\n\t\t\t\t<a class=\"elementor-post__thumbnail__link\" href=\"https:\/\/staging.we-net.ch\/es\/mercado-suizo-del-alquiler-2026-cuellos-de-botella-tendencias-y-asequibilidad\/\" tabindex=\"-1\" target=\"_blank\"><div class=\"elementor-post__thumbnail\"><img decoding=\"async\" width=\"768\" height=\"403\" src=\"https:\/\/staging.we-net.ch\/wp-content\/uploads\/2026\/03\/9Mar-1-768x403.jpg\" class=\"attachment-medium_large size-medium_large wp-image-182251\" alt=\"\" srcset=\"https:\/\/staging.we-net.ch\/wp-content\/uploads\/2026\/03\/9Mar-1-768x403.jpg 768w, https:\/\/staging.we-net.ch\/wp-content\/uploads\/2026\/03\/9Mar-1-300x158.jpg 300w, https:\/\/staging.we-net.ch\/wp-content\/uploads\/2026\/03\/9Mar-1-1024x538.jpg 1024w, https:\/\/staging.we-net.ch\/wp-content\/uploads\/2026\/03\/9Mar-1-18x9.jpg 18w, https:\/\/staging.we-net.ch\/wp-content\/uploads\/2026\/03\/9Mar-1.jpg 1200w\" sizes=\"(max-width: 768px) 100vw, 768px\" title=\"\" \/><\/div><\/a>\n\t\t\t\t<div class=\"elementor-post__badge\">Tendencias de vida en Suiza<\/div>\n\t\t\t\t<div class=\"elementor-post__avatar\">\n\t\t\t\t\t<\/div>\n\t\t\t\t<div class=\"elementor-post__text\">\n\t\t\t\t<h3 class=\"elementor-post__title\">\n\t\t\t<a href=\"https:\/\/staging.we-net.ch\/es\/mercado-suizo-del-alquiler-2026-cuellos-de-botella-tendencias-y-asequibilidad\/\" target=\"&quot;_blank&quot;\">\n\t\t\t\tMercado suizo del alquiler 2026: Cuellos de botella, tendencias y asequibilidad\t\t\t<\/a>\n\t\t<\/h3>\n\t\t\t\t<div class=\"elementor-post__excerpt\">\n\t\t\t<p>El mercado suizo del alquiler se enfrentar\u00e1 a retos considerables en 2026. Aunque los precios de la vivienda han subido en los \u00faltimos a\u00f1os\t\t<\/div>\n\t\t\t\t\t<div class=\"elementor-post__read-more-wrapper\">\n\t\t\n\t\t<a class=\"elementor-post__read-more\" href=\"https:\/\/staging.we-net.ch\/es\/mercado-suizo-del-alquiler-2026-cuellos-de-botella-tendencias-y-asequibilidad\/\" aria-label=\"M\u00e1s informaci\u00f3n sobre Mercado suizo del alquiler 2026: Cuellos de botella, tendencias y asequibilidad\" tabindex=\"-1\" target=\"_blank\">\n\t\t\tM\u00e1s informaci\u00f3n \"\t\t<\/a>\n\n\t\t\t\t\t<\/div>\n\t\t\t\t<\/div>\n\t\t\t\t<div class=\"elementor-post__meta-data\">\n\t\t\t\t\t<span class=\"elementor-post-date\">\n\t\t\t9 de marzo de 2026\t\t<\/span>\n\t\t\t\t<\/div>\n\t\t\t\t\t<\/div>\n\t\t<\/article>\n\t\t\t\t<article class=\"elementor-post elementor-grid-item post-181157 post type-post status-publish format-standard has-post-thumbnail hentry category-ratgeber tag-immobilien-schweiz tag-immobilienetwicklung tag-immobilienprojekte\" role=\"listitem\">\n\t\t\t<div class=\"elementor-post__card\">\n\t\t\t\t<a class=\"elementor-post__thumbnail__link\" href=\"https:\/\/staging.we-net.ch\/es\/el-impuesto-sobre-el-patrimonio-en-el-canton-de-zug-una-guia-completa\/\" tabindex=\"-1\" target=\"_blank\"><div class=\"elementor-post__thumbnail\"><img decoding=\"async\" width=\"768\" height=\"401\" src=\"https:\/\/staging.we-net.ch\/wp-content\/uploads\/2026\/03\/6Mar-768x401.jpg\" class=\"attachment-medium_large size-medium_large wp-image-181162\" alt=\"\" srcset=\"https:\/\/staging.we-net.ch\/wp-content\/uploads\/2026\/03\/6Mar-768x401.jpg 768w, https:\/\/staging.we-net.ch\/wp-content\/uploads\/2026\/03\/6Mar-300x157.jpg 300w, https:\/\/staging.we-net.ch\/wp-content\/uploads\/2026\/03\/6Mar-1024x535.jpg 1024w, https:\/\/staging.we-net.ch\/wp-content\/uploads\/2026\/03\/6Mar-18x9.jpg 18w, https:\/\/staging.we-net.ch\/wp-content\/uploads\/2026\/03\/6Mar.jpg 1214w\" sizes=\"(max-width: 768px) 100vw, 768px\" title=\"\" \/><\/div><\/a>\n\t\t\t\t<div class=\"elementor-post__badge\">Asesor<\/div>\n\t\t\t\t<div class=\"elementor-post__avatar\">\n\t\t\t\t\t<\/div>\n\t\t\t\t<div class=\"elementor-post__text\">\n\t\t\t\t<h3 class=\"elementor-post__title\">\n\t\t\t<a href=\"https:\/\/staging.we-net.ch\/es\/el-impuesto-sobre-el-patrimonio-en-el-canton-de-zug-una-guia-completa\/\" target=\"&quot;_blank&quot;\">\n\t\t\t\tImpuesto sobre el patrimonio en el cant\u00f3n de Zug - Gu\u00eda completa\t\t\t<\/a>\n\t\t<\/h3>\n\t\t\t\t<div class=\"elementor-post__excerpt\">\n\t\t\t<p>El impuesto sobre plusval\u00edas (tambi\u00e9n conocido como impuesto sobre plusval\u00edas inmobiliarias) es un impuesto cantonal que grava la venta de bienes inmuebles.\t\t<\/div>\n\t\t\t\t\t<div class=\"elementor-post__read-more-wrapper\">\n\t\t\n\t\t<a class=\"elementor-post__read-more\" href=\"https:\/\/staging.we-net.ch\/es\/el-impuesto-sobre-el-patrimonio-en-el-canton-de-zug-una-guia-completa\/\" aria-label=\"M\u00e1s informaci\u00f3n sobre Impuesto sobre el patrimonio en el cant\u00f3n de Zug - Gu\u00eda completa\" tabindex=\"-1\" target=\"_blank\">\n\t\t\tM\u00e1s informaci\u00f3n \"\t\t<\/a>\n\n\t\t\t\t\t<\/div>\n\t\t\t\t<\/div>\n\t\t\t\t<div class=\"elementor-post__meta-data\">\n\t\t\t\t\t<span class=\"elementor-post-date\">\n\t\t\t6 de marzo de 2026\t\t<\/span>\n\t\t\t\t<\/div>\n\t\t\t\t\t<\/div>\n\t\t<\/article>\n\t\t\t\t<article class=\"elementor-post elementor-grid-item post-181130 post type-post status-publish format-standard has-post-thumbnail hentry category-immobilienmarkt-schweiz category-wohntrends-in-der-schweiz tag-immobilien-schweiz tag-immobilienetwicklung tag-immobilienprojekte\" role=\"listitem\">\n\t\t\t<div class=\"elementor-post__card\">\n\t\t\t\t<a class=\"elementor-post__thumbnail__link\" href=\"https:\/\/staging.we-net.ch\/es\/el-cambio-demografico-y-el-mercado-inmobiliario-suizo-por-que-las-viviendas-adaptadas-a-la-edad-son-cada-vez-mas-importantes\/\" tabindex=\"-1\" target=\"_blank\"><div class=\"elementor-post__thumbnail\"><img loading=\"lazy\" decoding=\"async\" width=\"768\" height=\"401\" src=\"https:\/\/staging.we-net.ch\/wp-content\/uploads\/2026\/03\/2Mar-2-768x401.jpg\" class=\"attachment-medium_large size-medium_large wp-image-181265\" alt=\"\" srcset=\"https:\/\/staging.we-net.ch\/wp-content\/uploads\/2026\/03\/2Mar-2-768x401.jpg 768w, https:\/\/staging.we-net.ch\/wp-content\/uploads\/2026\/03\/2Mar-2-300x157.jpg 300w, https:\/\/staging.we-net.ch\/wp-content\/uploads\/2026\/03\/2Mar-2-1024x535.jpg 1024w, https:\/\/staging.we-net.ch\/wp-content\/uploads\/2026\/03\/2Mar-2-18x9.jpg 18w, https:\/\/staging.we-net.ch\/wp-content\/uploads\/2026\/03\/2Mar-2.jpg 1215w\" sizes=\"(max-width: 768px) 100vw, 768px\" title=\"\" \/><\/div><\/a>\n\t\t\t\t<div class=\"elementor-post__badge\">Mercado inmobiliario Suiza<\/div>\n\t\t\t\t<div class=\"elementor-post__avatar\">\n\t\t\t\t\t<\/div>\n\t\t\t\t<div class=\"elementor-post__text\">\n\t\t\t\t<h3 class=\"elementor-post__title\">\n\t\t\t<a href=\"https:\/\/staging.we-net.ch\/es\/el-cambio-demografico-y-el-mercado-inmobiliario-suizo-por-que-las-viviendas-adaptadas-a-la-edad-son-cada-vez-mas-importantes\/\" target=\"&quot;_blank&quot;\">\n\t\t\t\tEl cambio demogr\u00e1fico y el mercado inmobiliario suizo: por qu\u00e9 es cada vez m\u00e1s importante vivir seg\u00fan la edad\t\t\t<\/a>\n\t\t<\/h3>\n\t\t\t\t<div class=\"elementor-post__excerpt\">\n\t\t\t<p>El mercado inmobiliario suizo se encuentra en una fase de cambio estructural. Mientras que en los \u00faltimos a\u00f1os\t\t<\/div>\n\t\t\t\t\t<div class=\"elementor-post__read-more-wrapper\">\n\t\t\n\t\t<a class=\"elementor-post__read-more\" href=\"https:\/\/staging.we-net.ch\/es\/el-cambio-demografico-y-el-mercado-inmobiliario-suizo-por-que-las-viviendas-adaptadas-a-la-edad-son-cada-vez-mas-importantes\/\" aria-label=\"M\u00e1s informaci\u00f3n sobre El cambio demogr\u00e1fico y el mercado inmobiliario suizo: por qu\u00e9 es cada vez m\u00e1s importante vivir de acuerdo con la edad\" tabindex=\"-1\" target=\"_blank\">\n\t\t\tM\u00e1s informaci\u00f3n \"\t\t<\/a>\n\n\t\t\t\t\t<\/div>\n\t\t\t\t<\/div>\n\t\t\t\t<div class=\"elementor-post__meta-data\">\n\t\t\t\t\t<span class=\"elementor-post-date\">\n\t\t\t2 de marzo de 2026\t\t<\/span>\n\t\t\t\t<\/div>\n\t\t\t\t\t<\/div>\n\t\t<\/article>\n\t\t\t\t<article class=\"elementor-post elementor-grid-item post-180457 post type-post status-publish format-standard has-post-thumbnail hentry category-ratgeber category-wohntrends-in-der-schweiz tag-immobilien-schweiz tag-immobilienetwicklung tag-immobilienprojekte\" role=\"listitem\">\n\t\t\t<div class=\"elementor-post__card\">\n\t\t\t\t<a class=\"elementor-post__thumbnail__link\" href=\"https:\/\/staging.we-net.ch\/es\/el-ki-sustituira-a-los-agentes-inmobiliarios-por-que-la-experiencia-humana-sigue-siendo-indispensable-en-suiza\/\" tabindex=\"-1\" target=\"_blank\"><div class=\"elementor-post__thumbnail\"><img loading=\"lazy\" decoding=\"async\" width=\"768\" height=\"403\" src=\"https:\/\/staging.we-net.ch\/wp-content\/uploads\/2026\/02\/27Feb-1-768x403.jpg\" class=\"attachment-medium_large size-medium_large wp-image-180673\" alt=\"\" srcset=\"https:\/\/staging.we-net.ch\/wp-content\/uploads\/2026\/02\/27Feb-1-768x403.jpg 768w, https:\/\/staging.we-net.ch\/wp-content\/uploads\/2026\/02\/27Feb-1-300x158.jpg 300w, https:\/\/staging.we-net.ch\/wp-content\/uploads\/2026\/02\/27Feb-1-1024x538.jpg 1024w, https:\/\/staging.we-net.ch\/wp-content\/uploads\/2026\/02\/27Feb-1-18x9.jpg 18w, https:\/\/staging.we-net.ch\/wp-content\/uploads\/2026\/02\/27Feb-1.jpg 1215w\" sizes=\"(max-width: 768px) 100vw, 768px\" title=\"\" \/><\/div><\/a>\n\t\t\t\t<div class=\"elementor-post__badge\">Asesor<\/div>\n\t\t\t\t<div class=\"elementor-post__avatar\">\n\t\t\t\t\t<\/div>\n\t\t\t\t<div class=\"elementor-post__text\">\n\t\t\t\t<h3 class=\"elementor-post__title\">\n\t\t\t<a href=\"https:\/\/staging.we-net.ch\/es\/el-ki-sustituira-a-los-agentes-inmobiliarios-por-que-la-experiencia-humana-sigue-siendo-indispensable-en-suiza\/\" target=\"&quot;_blank&quot;\">\n\t\t\t\t\u00bfSustituir\u00e1 la IA a los agentes inmobiliarios? Por qu\u00e9 la experiencia humana sigue siendo indispensable en Suiza\t\t\t<\/a>\n\t\t<\/h3>\n\t\t\t\t<div class=\"elementor-post__excerpt\">\n\t\t\t<p>La digitalizaci\u00f3n y el r\u00e1pido avance de la inteligencia artificial (IA) est\u00e1n cambiando las industrias de todo el mundo, entre ellas las siguientes\t\t<\/div>\n\t\t\t\t\t<div class=\"elementor-post__read-more-wrapper\">\n\t\t\n\t\t<a class=\"elementor-post__read-more\" href=\"https:\/\/staging.we-net.ch\/es\/el-ki-sustituira-a-los-agentes-inmobiliarios-por-que-la-experiencia-humana-sigue-siendo-indispensable-en-suiza\/\" aria-label=\"M\u00e1s informaci\u00f3n sobre \u00bfSustituir\u00e1 la IA a los agentes inmobiliarios? Por qu\u00e9 la experiencia humana sigue siendo indispensable en Suiza\" tabindex=\"-1\" target=\"_blank\">\n\t\t\tM\u00e1s informaci\u00f3n \"\t\t<\/a>\n\n\t\t\t\t\t<\/div>\n\t\t\t\t<\/div>\n\t\t\t\t<div class=\"elementor-post__meta-data\">\n\t\t\t\t\t<span class=\"elementor-post-date\">\n\t\t\t27 de febrero de 2026\t\t<\/span>\n\t\t\t\t<\/div>\n\t\t\t\t\t<\/div>\n\t\t<\/article>\n\t\t\t\t<article class=\"elementor-post elementor-grid-item post-180442 post type-post status-publish format-standard has-post-thumbnail hentry category-ratgeber category-wohntrends-in-der-schweiz tag-immobilien-schweiz tag-immobilienetwicklung tag-immobilienprojekte\" role=\"listitem\">\n\t\t\t<div class=\"elementor-post__card\">\n\t\t\t\t<a class=\"elementor-post__thumbnail__link\" href=\"https:\/\/staging.we-net.ch\/es\/gran-transferencia-de-riqueza-como-el-dinero-esta-cambiando-el-mercado-inmobiliario-suizo\/\" tabindex=\"-1\" target=\"_blank\"><div class=\"elementor-post__thumbnail\"><img loading=\"lazy\" decoding=\"async\" width=\"768\" height=\"403\" src=\"https:\/\/staging.we-net.ch\/wp-content\/uploads\/2026\/02\/23Feb-1-768x403.jpg\" class=\"attachment-medium_large size-medium_large wp-image-180678\" alt=\"\" srcset=\"https:\/\/staging.we-net.ch\/wp-content\/uploads\/2026\/02\/23Feb-1-768x403.jpg 768w, https:\/\/staging.we-net.ch\/wp-content\/uploads\/2026\/02\/23Feb-1-300x157.jpg 300w, https:\/\/staging.we-net.ch\/wp-content\/uploads\/2026\/02\/23Feb-1-1024x537.jpg 1024w, https:\/\/staging.we-net.ch\/wp-content\/uploads\/2026\/02\/23Feb-1-18x9.jpg 18w, https:\/\/staging.we-net.ch\/wp-content\/uploads\/2026\/02\/23Feb-1.jpg 1213w\" sizes=\"(max-width: 768px) 100vw, 768px\" title=\"\" \/><\/div><\/a>\n\t\t\t\t<div class=\"elementor-post__badge\">Asesor<\/div>\n\t\t\t\t<div class=\"elementor-post__avatar\">\n\t\t\t\t\t<\/div>\n\t\t\t\t<div class=\"elementor-post__text\">\n\t\t\t\t<h3 class=\"elementor-post__title\">\n\t\t\t<a href=\"https:\/\/staging.we-net.ch\/es\/gran-transferencia-de-riqueza-como-el-dinero-esta-cambiando-el-mercado-inmobiliario-suizo\/\" target=\"&quot;_blank&quot;\">\n\t\t\t\tGran transferencia de riqueza: c\u00f3mo el dinero est\u00e1 cambiando el mercado inmobiliario suizo\t\t\t<\/a>\n\t\t<\/h3>\n\t\t\t\t<div class=\"elementor-post__excerpt\">\n\t\t\t<p>La llamada Gran Transferencia de Riqueza: la transferencia masiva de riqueza de una generaci\u00f3n del baby boom a la siguiente.\t\t<\/div>\n\t\t\t\t\t<div class=\"elementor-post__read-more-wrapper\">\n\t\t\n\t\t<a class=\"elementor-post__read-more\" href=\"https:\/\/staging.we-net.ch\/es\/gran-transferencia-de-riqueza-como-el-dinero-esta-cambiando-el-mercado-inmobiliario-suizo\/\" aria-label=\"M\u00e1s informaci\u00f3n sobre Gran transferencia de riqueza: c\u00f3mo el dinero est\u00e1 cambiando el mercado inmobiliario suizo\" tabindex=\"-1\" target=\"_blank\">\n\t\t\tM\u00e1s informaci\u00f3n \"\t\t<\/a>\n\n\t\t\t\t\t<\/div>\n\t\t\t\t<\/div>\n\t\t\t\t<div class=\"elementor-post__meta-data\">\n\t\t\t\t\t<span class=\"elementor-post-date\">\n\t\t\t23 de febrero de 2026\t\t<\/span>\n\t\t\t\t<\/div>\n\t\t\t\t\t<\/div>\n\t\t<\/article>\n\t\t\t\t<article class=\"elementor-post elementor-grid-item post-180303 post type-post status-publish format-standard has-post-thumbnail hentry category-ratgeber category-wohntrends-in-der-schweiz tag-immobilien-schweiz tag-immobilienetwicklung tag-immobilienprojekte\" role=\"listitem\">\n\t\t\t<div class=\"elementor-post__card\">\n\t\t\t\t<a class=\"elementor-post__thumbnail__link\" href=\"https:\/\/staging.we-net.ch\/es\/la-prima-verde-2026-aumenta-realmente-la-eficiencia-energetica-y-el-valor-inmobiliario-en-suiza\/\" tabindex=\"-1\" target=\"_blank\"><div class=\"elementor-post__thumbnail\"><img loading=\"lazy\" decoding=\"async\" width=\"768\" height=\"403\" src=\"https:\/\/staging.we-net.ch\/wp-content\/uploads\/2026\/02\/20Feb-768x403.jpg\" class=\"attachment-medium_large size-medium_large wp-image-180323\" alt=\"\" srcset=\"https:\/\/staging.we-net.ch\/wp-content\/uploads\/2026\/02\/20Feb-768x403.jpg 768w, https:\/\/staging.we-net.ch\/wp-content\/uploads\/2026\/02\/20Feb-300x157.jpg 300w, https:\/\/staging.we-net.ch\/wp-content\/uploads\/2026\/02\/20Feb-1024x537.jpg 1024w, https:\/\/staging.we-net.ch\/wp-content\/uploads\/2026\/02\/20Feb-18x9.jpg 18w, https:\/\/staging.we-net.ch\/wp-content\/uploads\/2026\/02\/20Feb.jpg 1211w\" sizes=\"(max-width: 768px) 100vw, 768px\" title=\"\" \/><\/div><\/a>\n\t\t\t\t<div class=\"elementor-post__badge\">Asesor<\/div>\n\t\t\t\t<div class=\"elementor-post__avatar\">\n\t\t\t\t\t<\/div>\n\t\t\t\t<div class=\"elementor-post__text\">\n\t\t\t\t<h3 class=\"elementor-post__title\">\n\t\t\t<a href=\"https:\/\/staging.we-net.ch\/es\/la-prima-verde-2026-aumenta-realmente-la-eficiencia-energetica-y-el-valor-inmobiliario-en-suiza\/\" target=\"&quot;_blank&quot;\">\n\t\t\t\tPrima Verde 2026: \u00bfAumenta realmente la eficiencia energ\u00e9tica el valor de los inmuebles en Suiza?\t\t\t<\/a>\n\t\t<\/h3>\n\t\t\t\t<div class=\"elementor-post__excerpt\">\n\t\t\t<p>La sostenibilidad ya no es una tendencia en el mercado inmobiliario suizo, sino un factor de valoraci\u00f3n estructural. La eficiencia energ\u00e9tica influye hoy\t\t<\/div>\n\t\t\t\t\t<div class=\"elementor-post__read-more-wrapper\">\n\t\t\n\t\t<a class=\"elementor-post__read-more\" href=\"https:\/\/staging.we-net.ch\/es\/la-prima-verde-2026-aumenta-realmente-la-eficiencia-energetica-y-el-valor-inmobiliario-en-suiza\/\" aria-label=\"M\u00e1s informaci\u00f3n sobre Prima Verde 2026: \u00bfAumenta realmente la eficiencia energ\u00e9tica el valor de los inmuebles en Suiza?\" tabindex=\"-1\" target=\"_blank\">\n\t\t\tM\u00e1s informaci\u00f3n \"\t\t<\/a>\n\n\t\t\t\t\t<\/div>\n\t\t\t\t<\/div>\n\t\t\t\t<div class=\"elementor-post__meta-data\">\n\t\t\t\t\t<span class=\"elementor-post-date\">\n\t\t\t20 de febrero de 2026\t\t<\/span>\n\t\t\t\t<\/div>\n\t\t\t\t\t<\/div>\n\t\t<\/article>\n\t\t\t\t<article class=\"elementor-post elementor-grid-item post-179836 post type-post status-publish format-standard has-post-thumbnail hentry category-immobilienmarkt-schweiz category-ratgeber category-wohntrends-in-der-schweiz tag-immobilien-schweiz tag-immobilienetwicklung tag-immobilienprojekte\" role=\"listitem\">\n\t\t\t<div class=\"elementor-post__card\">\n\t\t\t\t<a class=\"elementor-post__thumbnail__link\" href=\"https:\/\/staging.we-net.ch\/es\/el-impuesto-sobre-el-patrimonio-en-suiza-comparacion-entre-cantones\/\" tabindex=\"-1\" target=\"_blank\"><div class=\"elementor-post__thumbnail\"><img loading=\"lazy\" decoding=\"async\" width=\"768\" height=\"403\" src=\"https:\/\/staging.we-net.ch\/wp-content\/uploads\/2026\/02\/16Feb-768x403.jpg\" class=\"attachment-medium_large size-medium_large wp-image-179838\" alt=\"\" srcset=\"https:\/\/staging.we-net.ch\/wp-content\/uploads\/2026\/02\/16Feb-768x403.jpg 768w, https:\/\/staging.we-net.ch\/wp-content\/uploads\/2026\/02\/16Feb-300x157.jpg 300w, https:\/\/staging.we-net.ch\/wp-content\/uploads\/2026\/02\/16Feb-1024x537.jpg 1024w, https:\/\/staging.we-net.ch\/wp-content\/uploads\/2026\/02\/16Feb-18x9.jpg 18w, https:\/\/staging.we-net.ch\/wp-content\/uploads\/2026\/02\/16Feb.jpg 1229w\" sizes=\"(max-width: 768px) 100vw, 768px\" title=\"\" \/><\/div><\/a>\n\t\t\t\t<div class=\"elementor-post__badge\">Mercado inmobiliario Suiza<\/div>\n\t\t\t\t<div class=\"elementor-post__avatar\">\n\t\t\t\t\t<\/div>\n\t\t\t\t<div class=\"elementor-post__text\">\n\t\t\t\t<h3 class=\"elementor-post__title\">\n\t\t\t<a href=\"https:\/\/staging.we-net.ch\/es\/el-impuesto-sobre-el-patrimonio-en-suiza-comparacion-entre-cantones\/\" target=\"&quot;_blank&quot;\">\n\t\t\t\tEl impuesto sobre el patrimonio en Suiza: comparaci\u00f3n entre cantones\t\t\t<\/a>\n\t\t<\/h3>\n\t\t\t\t<div class=\"elementor-post__excerpt\">\n\t\t\t<p>El impuesto sobre plusval\u00edas se aplica a cualquier persona que venda una propiedad o un terreno en Suiza. Se puede consultar en\t\t<\/div>\n\t\t\t\t\t<div class=\"elementor-post__read-more-wrapper\">\n\t\t\n\t\t<a class=\"elementor-post__read-more\" href=\"https:\/\/staging.we-net.ch\/es\/el-impuesto-sobre-el-patrimonio-en-suiza-comparacion-entre-cantones\/\" aria-label=\"M\u00e1s informaci\u00f3n sobre El impuesto sobre el patrimonio en Suiza: comparaci\u00f3n entre cantones\" tabindex=\"-1\" target=\"_blank\">\n\t\t\tM\u00e1s informaci\u00f3n \"\t\t<\/a>\n\n\t\t\t\t\t<\/div>\n\t\t\t\t<\/div>\n\t\t\t\t<div class=\"elementor-post__meta-data\">\n\t\t\t\t\t<span class=\"elementor-post-date\">\n\t\t\t16 de febrero de 2026\t\t<\/span>\n\t\t\t\t<\/div>\n\t\t\t\t\t<\/div>\n\t\t<\/article>\n\t\t\t\t<article class=\"elementor-post elementor-grid-item post-179180 post type-post status-publish format-standard has-post-thumbnail hentry category-immobilienmarkt-schweiz category-ratgeber category-wohntrends-in-der-schweiz tag-immobilien-schweiz tag-immobilienetwicklung tag-immobilienprojekte\" role=\"listitem\">\n\t\t\t<div class=\"elementor-post__card\">\n\t\t\t\t<a class=\"elementor-post__thumbnail__link\" href=\"https:\/\/staging.we-net.ch\/es\/fuera-del-mercado-inmobiliario-en-suiza-discrecion-control-y-ventaja-estrategica\/\" tabindex=\"-1\" target=\"_blank\"><div class=\"elementor-post__thumbnail\"><img loading=\"lazy\" decoding=\"async\" width=\"768\" height=\"405\" src=\"https:\/\/staging.we-net.ch\/wp-content\/uploads\/2026\/02\/offPage-768x405.jpg\" class=\"attachment-medium_large size-medium_large wp-image-179299\" alt=\"\" srcset=\"https:\/\/staging.we-net.ch\/wp-content\/uploads\/2026\/02\/offPage-768x405.jpg 768w, https:\/\/staging.we-net.ch\/wp-content\/uploads\/2026\/02\/offPage-300x158.jpg 300w, https:\/\/staging.we-net.ch\/wp-content\/uploads\/2026\/02\/offPage-1024x541.jpg 1024w, https:\/\/staging.we-net.ch\/wp-content\/uploads\/2026\/02\/offPage-18x10.jpg 18w, https:\/\/staging.we-net.ch\/wp-content\/uploads\/2026\/02\/offPage.jpg 1216w\" sizes=\"(max-width: 768px) 100vw, 768px\" title=\"\" \/><\/div><\/a>\n\t\t\t\t<div class=\"elementor-post__badge\">Mercado inmobiliario Suiza<\/div>\n\t\t\t\t<div class=\"elementor-post__avatar\">\n\t\t\t\t\t<\/div>\n\t\t\t\t<div class=\"elementor-post__text\">\n\t\t\t\t<h3 class=\"elementor-post__title\">\n\t\t\t<a href=\"https:\/\/staging.we-net.ch\/es\/fuera-del-mercado-inmobiliario-en-suiza-discrecion-control-y-ventaja-estrategica\/\" target=\"&quot;_blank&quot;\">\n\t\t\t\tBienes inmuebles fuera del mercado en Suiza: discreci\u00f3n, control y ventaja estrat\u00e9gica\t\t\t<\/a>\n\t\t<\/h3>\n\t\t\t\t<div class=\"elementor-post__excerpt\">\n\t\t\t<p>Como agencia inmobiliaria con experiencia, sabemos que una presencia visible y espec\u00edfica es un factor decisivo para el \u00e9xito.\t\t<\/div>\n\t\t\t\t\t<div class=\"elementor-post__read-more-wrapper\">\n\t\t\n\t\t<a class=\"elementor-post__read-more\" href=\"https:\/\/staging.we-net.ch\/es\/fuera-del-mercado-inmobiliario-en-suiza-discrecion-control-y-ventaja-estrategica\/\" aria-label=\"M\u00e1s informaci\u00f3n sobre Bienes inmuebles fuera del mercado en Suiza - Discreci\u00f3n, control y ventaja estrat\u00e9gica\" tabindex=\"-1\" target=\"_blank\">\n\t\t\tM\u00e1s informaci\u00f3n \"\t\t<\/a>\n\n\t\t\t\t\t<\/div>\n\t\t\t\t<\/div>\n\t\t\t\t<div class=\"elementor-post__meta-data\">\n\t\t\t\t\t<span class=\"elementor-post-date\">\n\t\t\t12 de febrero de 2026\t\t<\/span>\n\t\t\t\t<\/div>\n\t\t\t\t\t<\/div>\n\t\t<\/article>\n\t\t\t\t<article class=\"elementor-post elementor-grid-item post-178996 post type-post status-publish format-standard has-post-thumbnail hentry category-immobilienmarkt-schweiz category-ratgeber category-wohntrends-in-der-schweiz tag-immobilien-schweiz tag-immobilienetwicklung tag-immobilienprojekte\" role=\"listitem\">\n\t\t\t<div class=\"elementor-post__card\">\n\t\t\t\t<a class=\"elementor-post__thumbnail__link\" href=\"https:\/\/staging.we-net.ch\/es\/oportunidades-y-retos-del-mercado-inmobiliario-en-suiza\/\" tabindex=\"-1\" target=\"_blank\"><div class=\"elementor-post__thumbnail\"><img loading=\"lazy\" decoding=\"async\" width=\"768\" height=\"403\" src=\"https:\/\/staging.we-net.ch\/wp-content\/uploads\/2026\/02\/ratgeber1-768x403.jpg\" class=\"attachment-medium_large size-medium_large wp-image-179056\" alt=\"\" srcset=\"https:\/\/staging.we-net.ch\/wp-content\/uploads\/2026\/02\/ratgeber1-768x403.jpg 768w, https:\/\/staging.we-net.ch\/wp-content\/uploads\/2026\/02\/ratgeber1-300x157.jpg 300w, https:\/\/staging.we-net.ch\/wp-content\/uploads\/2026\/02\/ratgeber1-1024x537.jpg 1024w, https:\/\/staging.we-net.ch\/wp-content\/uploads\/2026\/02\/ratgeber1-18x9.jpg 18w, https:\/\/staging.we-net.ch\/wp-content\/uploads\/2026\/02\/ratgeber1.jpg 1212w\" sizes=\"(max-width: 768px) 100vw, 768px\" title=\"\" \/><\/div><\/a>\n\t\t\t\t<div class=\"elementor-post__badge\">Mercado inmobiliario Suiza<\/div>\n\t\t\t\t<div class=\"elementor-post__avatar\">\n\t\t\t\t\t<\/div>\n\t\t\t\t<div class=\"elementor-post__text\">\n\t\t\t\t<h3 class=\"elementor-post__title\">\n\t\t\t<a href=\"https:\/\/staging.we-net.ch\/es\/oportunidades-y-retos-del-mercado-inmobiliario-en-suiza\/\" target=\"&quot;_blank&quot;\">\n\t\t\t\tOportunidades y retos en el mercado inmobiliario suizo\t\t\t<\/a>\n\t\t<\/h3>\n\t\t\t\t<div class=\"elementor-post__excerpt\">\n\t\t\t<p>Como agencia inmobiliaria con experiencia, sabemos que una presencia visible y espec\u00edfica es un factor decisivo para el \u00e9xito.\t\t<\/div>\n\t\t\t\t\t<div class=\"elementor-post__read-more-wrapper\">\n\t\t\n\t\t<a class=\"elementor-post__read-more\" href=\"https:\/\/staging.we-net.ch\/es\/oportunidades-y-retos-del-mercado-inmobiliario-en-suiza\/\" aria-label=\"M\u00e1s informaci\u00f3n sobre Oportunidades y retos del mercado inmobiliario en Suiza\" tabindex=\"-1\" target=\"_blank\">\n\t\t\tM\u00e1s informaci\u00f3n \"\t\t<\/a>\n\n\t\t\t\t\t<\/div>\n\t\t\t\t<\/div>\n\t\t\t\t<div class=\"elementor-post__meta-data\">\n\t\t\t\t\t<span class=\"elementor-post-date\">\n\t\t\t10 de febrero de 2026\t\t<\/span>\n\t\t\t\t<\/div>\n\t\t\t\t\t<\/div>\n\t\t<\/article>\n\t\t\t\t<article class=\"elementor-post elementor-grid-item post-178950 post type-post status-publish format-standard has-post-thumbnail hentry category-immobilienmarkt-schweiz category-ratgeber category-wohntrends-in-der-schweiz tag-immobilien-schweiz tag-immobilienetwicklung tag-immobilienprojekte\" role=\"listitem\">\n\t\t\t<div class=\"elementor-post__card\">\n\t\t\t\t<a class=\"elementor-post__thumbnail__link\" href=\"https:\/\/staging.we-net.ch\/es\/marketing-inmobiliario-de-exito-con-wenet-ag-y-newhome-a-su-lado\/\" tabindex=\"-1\" target=\"_blank\"><div class=\"elementor-post__thumbnail\"><img loading=\"lazy\" decoding=\"async\" width=\"768\" height=\"403\" src=\"https:\/\/staging.we-net.ch\/wp-content\/uploads\/2026\/02\/09Feb-768x403.jpg\" class=\"attachment-medium_large size-medium_large wp-image-178952\" alt=\"\" srcset=\"https:\/\/staging.we-net.ch\/wp-content\/uploads\/2026\/02\/09Feb-768x403.jpg 768w, https:\/\/staging.we-net.ch\/wp-content\/uploads\/2026\/02\/09Feb-300x157.jpg 300w, https:\/\/staging.we-net.ch\/wp-content\/uploads\/2026\/02\/09Feb-1024x537.jpg 1024w, https:\/\/staging.we-net.ch\/wp-content\/uploads\/2026\/02\/09Feb-18x9.jpg 18w, https:\/\/staging.we-net.ch\/wp-content\/uploads\/2026\/02\/09Feb.jpg 1227w\" sizes=\"(max-width: 768px) 100vw, 768px\" title=\"\" \/><\/div><\/a>\n\t\t\t\t<div class=\"elementor-post__badge\">Mercado inmobiliario Suiza<\/div>\n\t\t\t\t<div class=\"elementor-post__avatar\">\n\t\t\t\t\t<\/div>\n\t\t\t\t<div class=\"elementor-post__text\">\n\t\t\t\t<h3 class=\"elementor-post__title\">\n\t\t\t<a href=\"https:\/\/staging.we-net.ch\/es\/marketing-inmobiliario-de-exito-con-wenet-ag-y-newhome-a-su-lado\/\" target=\"&quot;_blank&quot;\">\n\t\t\t\tMarketing inmobiliario de \u00e9xito: con WENET AG y newhome a su lado\t\t\t<\/a>\n\t\t<\/h3>\n\t\t\t\t<div class=\"elementor-post__excerpt\">\n\t\t\t<p>Como agencia inmobiliaria con experiencia, sabemos que una presencia visible y espec\u00edfica es un factor decisivo para el \u00e9xito.\t\t<\/div>\n\t\t\t\t\t<div class=\"elementor-post__read-more-wrapper\">\n\t\t\n\t\t<a class=\"elementor-post__read-more\" href=\"https:\/\/staging.we-net.ch\/es\/marketing-inmobiliario-de-exito-con-wenet-ag-y-newhome-a-su-lado\/\" aria-label=\"M\u00e1s informaci\u00f3n sobre Comercializar inmuebles con \u00e9xito - Con WENET AG y newhome a su lado\" tabindex=\"-1\" target=\"_blank\">\n\t\t\tM\u00e1s informaci\u00f3n \"\t\t<\/a>\n\n\t\t\t\t\t<\/div>\n\t\t\t\t<\/div>\n\t\t\t\t<div class=\"elementor-post__meta-data\">\n\t\t\t\t\t<span class=\"elementor-post-date\">\n\t\t\t9 de febrero de 2026\t\t<\/span>\n\t\t\t\t<\/div>\n\t\t\t\t\t<\/div>\n\t\t<\/article>\n\t\t\t\t<article class=\"elementor-post elementor-grid-item post-178068 post type-post status-publish format-standard has-post-thumbnail hentry category-immobilienmarkt-schweiz category-ratgeber category-wohntrends-in-der-schweiz tag-immobilien-schweiz tag-immobilienetwicklung tag-immobilienprojekte\" role=\"listitem\">\n\t\t\t<div class=\"elementor-post__card\">\n\t\t\t\t<a class=\"elementor-post__thumbnail__link\" href=\"https:\/\/staging.we-net.ch\/es\/mercado-hipotecario-2026-cambio-estructural-estabilizacion-y-oportunidades-estrategicas\/\" tabindex=\"-1\" target=\"_blank\"><div class=\"elementor-post__thumbnail\"><img loading=\"lazy\" decoding=\"async\" width=\"768\" height=\"404\" src=\"https:\/\/staging.we-net.ch\/wp-content\/uploads\/2026\/02\/hypothekarmarkt2026-768x404.jpg\" class=\"attachment-medium_large size-medium_large wp-image-178070\" alt=\"\" srcset=\"https:\/\/staging.we-net.ch\/wp-content\/uploads\/2026\/02\/hypothekarmarkt2026-768x404.jpg 768w, https:\/\/staging.we-net.ch\/wp-content\/uploads\/2026\/02\/hypothekarmarkt2026-300x158.jpg 300w, https:\/\/staging.we-net.ch\/wp-content\/uploads\/2026\/02\/hypothekarmarkt2026-1024x538.jpg 1024w, https:\/\/staging.we-net.ch\/wp-content\/uploads\/2026\/02\/hypothekarmarkt2026-18x9.jpg 18w, https:\/\/staging.we-net.ch\/wp-content\/uploads\/2026\/02\/hypothekarmarkt2026.jpg 1231w\" sizes=\"(max-width: 768px) 100vw, 768px\" title=\"\" \/><\/div><\/a>\n\t\t\t\t<div class=\"elementor-post__badge\">Mercado inmobiliario Suiza<\/div>\n\t\t\t\t<div class=\"elementor-post__avatar\">\n\t\t\t\t\t<\/div>\n\t\t\t\t<div class=\"elementor-post__text\">\n\t\t\t\t<h3 class=\"elementor-post__title\">\n\t\t\t<a href=\"https:\/\/staging.we-net.ch\/es\/mercado-hipotecario-2026-cambio-estructural-estabilizacion-y-oportunidades-estrategicas\/\" target=\"&quot;_blank&quot;\">\n\t\t\t\tMercado hipotecario 2026: Cambio estructural, estabilizaci\u00f3n y oportunidades estrat\u00e9gicas\t\t\t<\/a>\n\t\t<\/h3>\n\t\t\t\t<div class=\"elementor-post__excerpt\">\n\t\t\t<p>Tras a\u00f1os de medidas excepcionales de pol\u00edtica monetaria, el mercado hipotecario en 2026 se encuentra en una fase\t\t<\/div>\n\t\t\t\t\t<div class=\"elementor-post__read-more-wrapper\">\n\t\t\n\t\t<a class=\"elementor-post__read-more\" href=\"https:\/\/staging.we-net.ch\/es\/mercado-hipotecario-2026-cambio-estructural-estabilizacion-y-oportunidades-estrategicas\/\" aria-label=\"M\u00e1s informaci\u00f3n sobre Mercado hipotecario 2026: Cambio estructural, estabilizaci\u00f3n y oportunidades estrat\u00e9gicas\" tabindex=\"-1\" target=\"_blank\">\n\t\t\tM\u00e1s informaci\u00f3n \"\t\t<\/a>\n\n\t\t\t\t\t<\/div>\n\t\t\t\t<\/div>\n\t\t\t\t<div class=\"elementor-post__meta-data\">\n\t\t\t\t\t<span class=\"elementor-post-date\">\n\t\t\t2 de febrero de 2026\t\t<\/span>\n\t\t\t\t<\/div>\n\t\t\t\t\t<\/div>\n\t\t<\/article>\n\t\t\t\t<\/div>\n\t\t\n\t\t\t\t<div class=\"e-load-more-anchor\" data-page=\"1\" data-max-page=\"12\" data-next-page=\"https:\/\/staging.we-net.ch\/es\/?e-page-2363000=2\"><\/div>\n\t\t\t\t<nav class=\"elementor-pagination\" aria-label=\"Paginaci\u00f3n\">\n\t\t\t<span class=\"page-numbers prev\">\" P\u00e1gina anterior<\/span>\n<span aria-current=\"page\" class=\"page-numbers current\"><span class=\"elementor-screen-only\">P\u00e1gina<\/span>1<\/span>\n<a class=\"page-numbers\" href=\"https:\/\/staging.we-net.ch\/es\/wp-json\/wp\/v2\/pages\/174717\/?e-page-2363000=2\"><span class=\"elementor-screen-only\">P\u00e1gina<\/span>2<\/a>\n<a class=\"page-numbers\" href=\"https:\/\/staging.we-net.ch\/es\/wp-json\/wp\/v2\/pages\/174717\/?e-page-2363000=3\"><span class=\"elementor-screen-only\">P\u00e1gina<\/span>3<\/a>\n<a class=\"page-numbers\" href=\"https:\/\/staging.we-net.ch\/es\/wp-json\/wp\/v2\/pages\/174717\/?e-page-2363000=4\"><span class=\"elementor-screen-only\">P\u00e1gina<\/span>4<\/a>\n<a class=\"page-numbers\" href=\"https:\/\/staging.we-net.ch\/es\/wp-json\/wp\/v2\/pages\/174717\/?e-page-2363000=5\"><span class=\"elementor-screen-only\">P\u00e1gina<\/span>5<\/a>\n<a class=\"page-numbers\" href=\"https:\/\/staging.we-net.ch\/es\/wp-json\/wp\/v2\/pages\/174717\/?e-page-2363000=6\"><span class=\"elementor-screen-only\">P\u00e1gina<\/span>6<\/a>\n<a class=\"page-numbers\" href=\"https:\/\/staging.we-net.ch\/es\/wp-json\/wp\/v2\/pages\/174717\/?e-page-2363000=7\"><span class=\"elementor-screen-only\">P\u00e1gina<\/span>7<\/a>\n<a class=\"page-numbers\" href=\"https:\/\/staging.we-net.ch\/es\/wp-json\/wp\/v2\/pages\/174717\/?e-page-2363000=8\"><span class=\"elementor-screen-only\">P\u00e1gina<\/span>8<\/a>\n<a class=\"page-numbers\" href=\"https:\/\/staging.we-net.ch\/es\/wp-json\/wp\/v2\/pages\/174717\/?e-page-2363000=9\"><span class=\"elementor-screen-only\">P\u00e1gina<\/span>9<\/a>\n<a class=\"page-numbers\" href=\"https:\/\/staging.we-net.ch\/es\/wp-json\/wp\/v2\/pages\/174717\/?e-page-2363000=10\"><span class=\"elementor-screen-only\">P\u00e1gina<\/span>10<\/a>\n<a class=\"page-numbers\" href=\"https:\/\/staging.we-net.ch\/es\/wp-json\/wp\/v2\/pages\/174717\/?e-page-2363000=11\"><span class=\"elementor-screen-only\">P\u00e1gina<\/span>11<\/a>\n<a class=\"page-numbers\" href=\"https:\/\/staging.we-net.ch\/es\/wp-json\/wp\/v2\/pages\/174717\/?e-page-2363000=12\"><span class=\"elementor-screen-only\">P\u00e1gina<\/span>12<\/a>\n<a class=\"page-numbers next\" href=\"https:\/\/staging.we-net.ch\/es\/?e-page-2363000=2\">P\u00e1gina siguiente \"<\/a>\t\t<\/nav>\n\t\t\t\t\t\t<\/div>\n\t\t\t\t<\/div>\n\t\t\t\t\t<\/div>\n\t\t\t\t<\/div>\n\t\t\t\t<\/div>","protected":false},"excerpt":{"rendered":"<p>Las \u00faltimas noticias del sector inmobiliario En esta revista en l\u00ednea de WENET AG encontrar\u00e1 nuestras noticias del sector inmobiliario sobre temas espec\u00edficos o generales, destinadas a nuestra comunidad de lectores y fieles lectores. Si hemos pasado algo por alto o no hemos profundizado lo suficiente en un tema, por favor, h\u00e1ganoslo saber. Disfrute de la lectura y nosotros<\/p>","protected":false},"author":9039,"featured_media":0,"parent":0,"menu_order":0,"comment_status":"closed","ping_status":"closed","template":"","meta":{"_acf_changed":false,"_rtcl_gb_attr":"","inline_featured_image":false,"footnotes":""},"folder":[13317],"class_list":["post-174717","page","type-page","status-publish","hentry"],"acf":[],"yoast_head":"<!-- This site is optimized with the Yoast SEO Premium plugin v24.2 (Yoast SEO v27.1.1) - https:\/\/yoast.com\/product\/yoast-seo-premium-wordpress\/ -->\n<title>Immobilien Ratgeber f\u00fcr K\u00e4ufer und Verk\u00e4ufer \u2013 WENET AG<\/title>\n<meta name=\"description\" content=\"Alles, was Sie rund um Immobilien in der Schweiz wissen m\u00fcssen \u2013 verst\u00e4ndlich erkl\u00e4rt f\u00fcr K\u00e4ufer, Verk\u00e4ufer und Vermietende.\" \/>\n<meta name=\"robots\" content=\"index, follow, max-snippet:-1, max-image-preview:large, max-video-preview:-1\" \/>\n<link rel=\"canonical\" href=\"https:\/\/we-net.ch\/ratgeber\/\" \/>\n<meta property=\"og:locale\" content=\"es_ES\" \/>\n<meta property=\"og:type\" content=\"article\" \/>\n<meta property=\"og:title\" content=\"Ratgeber\" \/>\n<meta property=\"og:description\" content=\"Alles, was Sie rund um Immobilien in der Schweiz wissen m\u00fcssen \u2013 verst\u00e4ndlich erkl\u00e4rt f\u00fcr K\u00e4ufer, Verk\u00e4ufer und Vermietende.\" \/>\n<meta property=\"og:url\" content=\"https:\/\/we-net.ch\/ratgeber\/\" \/>\n<meta property=\"og:site_name\" content=\"WENET AG\" \/>\n<meta property=\"article:modified_time\" content=\"2026-03-12T09:58:16+00:00\" \/>\n<meta property=\"og:image\" content=\"https:\/\/staging.we-net.ch\/wp-content\/uploads\/2024\/11\/watermark2.png\" \/>\n\t<meta property=\"og:image:width\" content=\"800\" \/>\n\t<meta property=\"og:image:height\" content=\"107\" \/>\n\t<meta property=\"og:image:type\" content=\"image\/png\" \/>\n<meta name=\"twitter:card\" content=\"summary_large_image\" \/>\n<meta name=\"twitter:label1\" content=\"Tiempo de lectura\" \/>\n\t<meta name=\"twitter:data1\" content=\"5 minutos\" \/>\n<!-- \/ Yoast SEO Premium plugin. -->","yoast_head_json":{"title":"Gu\u00eda inmobiliaria para compradores y vendedores - WENET AG","description":"Todo lo que necesita saber sobre la propiedad inmobiliaria en Suiza: explicado claramente para compradores, vendedores y arrendadores.","robots":{"index":"index","follow":"follow","max-snippet":"max-snippet:-1","max-image-preview":"max-image-preview:large","max-video-preview":"max-video-preview:-1"},"canonical":"https:\/\/we-net.ch\/ratgeber\/","og_locale":"es_ES","og_type":"article","og_title":"Ratgeber","og_description":"Alles, was Sie rund um Immobilien in der Schweiz wissen m\u00fcssen \u2013 verst\u00e4ndlich erkl\u00e4rt f\u00fcr K\u00e4ufer, Verk\u00e4ufer und Vermietende.","og_url":"https:\/\/we-net.ch\/ratgeber\/","og_site_name":"WENET AG","article_modified_time":"2026-03-12T09:58:16+00:00","og_image":[{"width":800,"height":107,"url":"https:\/\/staging.we-net.ch\/wp-content\/uploads\/2024\/11\/watermark2.png","type":"image\/png"}],"twitter_card":"summary_large_image","twitter_misc":{"Tiempo de lectura":"5 minutos"},"schema":{"@context":"https:\/\/schema.org","@graph":[{"@type":"WebPage","@id":"https:\/\/we-net.ch\/ratgeber\/","url":"https:\/\/we-net.ch\/ratgeber\/","name":"Gu\u00eda inmobiliaria para compradores y vendedores - WENET AG","isPartOf":{"@id":"https:\/\/we-net.ch\/#website"},"datePublished":"2026-01-12T09:46:09+00:00","dateModified":"2026-03-12T09:58:16+00:00","description":"Todo lo que necesita saber sobre la propiedad inmobiliaria en Suiza: explicado claramente para compradores, vendedores y arrendadores.","breadcrumb":{"@id":"https:\/\/we-net.ch\/ratgeber\/#breadcrumb"},"inLanguage":"es","potentialAction":[{"@type":"ReadAction","target":["https:\/\/we-net.ch\/ratgeber\/"]}]},{"@type":"BreadcrumbList","@id":"https:\/\/we-net.ch\/ratgeber\/#breadcrumb","itemListElement":[{"@type":"ListItem","position":1,"name":"Startseite","item":"https:\/\/we-net.ch\/"},{"@type":"ListItem","position":2,"name":"Ratgeber"}]},{"@type":"WebSite","@id":"https:\/\/we-net.ch\/#website","url":"https:\/\/we-net.ch\/","name":"WENET AG","description":"Inmobiliario","publisher":{"@id":"https:\/\/we-net.ch\/#organization"},"potentialAction":[{"@type":"SearchAction","target":{"@type":"EntryPoint","urlTemplate":"https:\/\/we-net.ch\/?s={search_term_string}"},"query-input":{"@type":"PropertyValueSpecification","valueRequired":true,"valueName":"search_term_string"}}],"inLanguage":"es"},{"@type":"Organization","@id":"https:\/\/we-net.ch\/#organization","name":"WENET AG","url":"https:\/\/we-net.ch\/","logo":{"@type":"ImageObject","inLanguage":"es","@id":"https:\/\/we-net.ch\/#\/schema\/logo\/image\/","url":"https:\/\/we-net.ch\/wp-content\/uploads\/2024\/11\/watermark2.png","contentUrl":"https:\/\/we-net.ch\/wp-content\/uploads\/2024\/11\/watermark2.png","width":800,"height":107,"caption":"WENET AG"},"image":{"@id":"https:\/\/we-net.ch\/#\/schema\/logo\/image\/"}}]}},"_links":{"self":[{"href":"https:\/\/staging.we-net.ch\/es\/wp-json\/wp\/v2\/pages\/174717","targetHints":{"allow":["GET"]}}],"collection":[{"href":"https:\/\/staging.we-net.ch\/es\/wp-json\/wp\/v2\/pages"}],"about":[{"href":"https:\/\/staging.we-net.ch\/es\/wp-json\/wp\/v2\/types\/page"}],"author":[{"embeddable":true,"href":"https:\/\/staging.we-net.ch\/es\/wp-json\/wp\/v2\/users\/9039"}],"replies":[{"embeddable":true,"href":"https:\/\/staging.we-net.ch\/es\/wp-json\/wp\/v2\/comments?post=174717"}],"version-history":[{"count":26,"href":"https:\/\/staging.we-net.ch\/es\/wp-json\/wp\/v2\/pages\/174717\/revisions"}],"predecessor-version":[{"id":182450,"href":"https:\/\/staging.we-net.ch\/es\/wp-json\/wp\/v2\/pages\/174717\/revisions\/182450"}],"wp:attachment":[{"href":"https:\/\/staging.we-net.ch\/es\/wp-json\/wp\/v2\/media?parent=174717"}],"wp:term":[{"taxonomy":"folder","embeddable":true,"href":"https:\/\/staging.we-net.ch\/es\/wp-json\/wp\/v2\/folder?post=174717"}],"curies":[{"name":"wp","href":"https:\/\/api.w.org\/{rel}","templated":true}]}}